{"id":24307,"date":"2026-03-27T14:52:57","date_gmt":"2026-03-27T14:52:57","guid":{"rendered":"https:\/\/flamboyant-borg.188-165-133-218.plesk.page\/?page_id=24307"},"modified":"2026-07-17T06:02:27","modified_gmt":"2026-07-17T06:02:27","slug":"harina-origen-bio-molino-piedra","status":"publish","type":"page","link":"https:\/\/flamboyant-borg.188-165-133-218.plesk.page\/?page_id=24307","title":{"rendered":"Harina de trigo espelta BIO Molino Piedra"},"content":{"rendered":"\t\t<div data-elementor-type=\"wp-page\" data-elementor-id=\"24307\" class=\"elementor elementor-24307\">\n\t\t\t\t\t\t<section class=\"elementor-section elementor-top-section elementor-element elementor-element-20e0592 elementor-section-stretched elementor-section-boxed elementor-section-height-default elementor-section-height-default\" data-id=\"20e0592\" data-element_type=\"section\" data-e-type=\"section\" data-settings=\"{&quot;stretch_section&quot;:&quot;section-stretched&quot;,&quot;background_background&quot;:&quot;classic&quot;}\">\n\t\t\t\t\t\t<div class=\"elementor-container elementor-column-gap-default\">\n\t\t\t\t\t<div class=\"elementor-column elementor-col-100 elementor-top-column elementor-element elementor-element-e881b23\" data-id=\"e881b23\" data-element_type=\"column\" data-e-type=\"column\">\n\t\t\t<div class=\"elementor-widget-wrap elementor-element-populated\">\n\t\t\t\t\t\t<div class=\"elementor-element elementor-element-f16c2d7 title-alignment-center elementor-widget elementor-widget-neuros_image_carousel\" data-id=\"f16c2d7\" data-element_type=\"widget\" data-e-type=\"widget\" data-widget_type=\"neuros_image_carousel.default\">\n\t\t\t\t<div class=\"elementor-widget-container\">\n\t\t\t\t\t\n        <div class=\"neuros-image-slider-widget\">\n\n            \n            <div class=\"slider-wrapper\">\n                <div class=\"owl-carousel owl-theme view-type-2\" data-slider-options={&quot;items&quot;:5,&quot;nav&quot;:false,&quot;dots&quot;:true,&quot;dotsContainer&quot;:&quot;.owl-dots-f16c2d7&quot;,&quot;dotsContainerMobile&quot;:&quot;.owl-dots-f16c2d7&quot;,&quot;autoplayHoverPause&quot;:false,&quot;autoplay&quot;:false,&quot;autoplaySpeed&quot;:300,&quot;autoplayTimeout&quot;:5000,&quot;loop&quot;:false,&quot;speed&quot;:500}>\n                    <div class=\"slider-item\"><div class=\"slider-item-inner\"><img fetchpriority=\"high\" decoding=\"async\" width=\"636\" height=\"82\" src=\"https:\/\/flamboyant-borg.188-165-133-218.plesk.page\/wp-content\/uploads\/2026\/02\/RGSA.png\" class=\"attachment-full size-full wp-image-23013\" alt=\"\" srcset=\"https:\/\/flamboyant-borg.188-165-133-218.plesk.page\/wp-content\/uploads\/2026\/02\/RGSA.png 636w, https:\/\/flamboyant-borg.188-165-133-218.plesk.page\/wp-content\/uploads\/2026\/02\/RGSA-300x39.png 300w, https:\/\/flamboyant-borg.188-165-133-218.plesk.page\/wp-content\/uploads\/2026\/02\/RGSA-600x77.png 600w\" sizes=\"(max-width: 636px) 100vw, 636px\" \/><\/div><\/div><div class=\"slider-item\"><div class=\"slider-item-inner\"><img decoding=\"async\" width=\"558\" height=\"129\" src=\"https:\/\/flamboyant-borg.188-165-133-218.plesk.page\/wp-content\/uploads\/2026\/02\/FSC22000-color.png\" class=\"attachment-full size-full wp-image-23010\" alt=\"\" srcset=\"https:\/\/flamboyant-borg.188-165-133-218.plesk.page\/wp-content\/uploads\/2026\/02\/FSC22000-color.png 558w, https:\/\/flamboyant-borg.188-165-133-218.plesk.page\/wp-content\/uploads\/2026\/02\/FSC22000-color-300x69.png 300w\" sizes=\"(max-width: 558px) 100vw, 558px\" \/><\/div><\/div><div class=\"slider-item\"><div class=\"slider-item-inner\"><img decoding=\"async\" width=\"560\" height=\"134\" src=\"https:\/\/flamboyant-borg.188-165-133-218.plesk.page\/wp-content\/uploads\/2026\/02\/comite-ecologico-color.png\" class=\"attachment-full size-full wp-image-23011\" alt=\"\" srcset=\"https:\/\/flamboyant-borg.188-165-133-218.plesk.page\/wp-content\/uploads\/2026\/02\/comite-ecologico-color.png 560w, https:\/\/flamboyant-borg.188-165-133-218.plesk.page\/wp-content\/uploads\/2026\/02\/comite-ecologico-color-300x72.png 300w\" sizes=\"(max-width: 560px) 100vw, 560px\" \/><\/div><\/div><div class=\"slider-item\"><div class=\"slider-item-inner\"><img loading=\"lazy\" decoding=\"async\" width=\"2051\" height=\"689\" src=\"https:\/\/flamboyant-borg.188-165-133-218.plesk.page\/wp-content\/uploads\/2026\/04\/CERTI-KOSHER-26-OK.png\" class=\"attachment-full size-full wp-image-24700\" alt=\"\" srcset=\"https:\/\/flamboyant-borg.188-165-133-218.plesk.page\/wp-content\/uploads\/2026\/04\/CERTI-KOSHER-26-OK.png 2051w, https:\/\/flamboyant-borg.188-165-133-218.plesk.page\/wp-content\/uploads\/2026\/04\/CERTI-KOSHER-26-OK-300x101.png 300w, https:\/\/flamboyant-borg.188-165-133-218.plesk.page\/wp-content\/uploads\/2026\/04\/CERTI-KOSHER-26-OK-1024x344.png 1024w, https:\/\/flamboyant-borg.188-165-133-218.plesk.page\/wp-content\/uploads\/2026\/04\/CERTI-KOSHER-26-OK-768x258.png 768w, https:\/\/flamboyant-borg.188-165-133-218.plesk.page\/wp-content\/uploads\/2026\/04\/CERTI-KOSHER-26-OK-600x202.png 600w\" sizes=\"(max-width: 2051px) 100vw, 2051px\" \/><\/div><\/div><div class=\"slider-item\"><div class=\"slider-item-inner\"><img loading=\"lazy\" decoding=\"async\" width=\"768\" height=\"315\" src=\"https:\/\/flamboyant-borg.188-165-133-218.plesk.page\/wp-content\/uploads\/2026\/05\/sedex-certification-harinas-polo-768x315.png\" class=\"attachment-medium_large size-medium_large wp-image-26635\" alt=\"\" srcset=\"https:\/\/flamboyant-borg.188-165-133-218.plesk.page\/wp-content\/uploads\/2026\/05\/sedex-certification-harinas-polo-768x315.png 768w, https:\/\/flamboyant-borg.188-165-133-218.plesk.page\/wp-content\/uploads\/2026\/05\/sedex-certification-harinas-polo-300x123.png 300w, https:\/\/flamboyant-borg.188-165-133-218.plesk.page\/wp-content\/uploads\/2026\/05\/sedex-certification-harinas-polo-1024x420.png 1024w, https:\/\/flamboyant-borg.188-165-133-218.plesk.page\/wp-content\/uploads\/2026\/05\/sedex-certification-harinas-polo-600x246.png 600w, https:\/\/flamboyant-borg.188-165-133-218.plesk.page\/wp-content\/uploads\/2026\/05\/sedex-certification-harinas-polo.png 1422w\" sizes=\"(max-width: 768px) 100vw, 768px\" \/><\/div><\/div>                <\/div>\n            <\/div>\n\n            <div class=\"owl-dots owl-dots-f16c2d7\"><\/div>\n        <\/div>\n        \t\t\t\t<\/div>\n\t\t\t\t<\/div>\n\t\t\t\t\t<\/div>\n\t\t<\/div>\n\t\t\t\t\t<\/div>\n\t\t<\/section>\n\t\t\t\t<section class=\"elementor-section elementor-top-section elementor-element elementor-element-3c0c6ae elementor-section-boxed elementor-section-height-default elementor-section-height-default\" data-id=\"3c0c6ae\" data-element_type=\"section\" data-e-type=\"section\">\n\t\t\t\t\t\t<div class=\"elementor-container elementor-column-gap-default\">\n\t\t\t\t\t<div class=\"elementor-column elementor-col-50 elementor-top-column elementor-element elementor-element-4dcf6eb\" data-id=\"4dcf6eb\" data-element_type=\"column\" data-e-type=\"column\">\n\t\t\t<div class=\"elementor-widget-wrap elementor-element-populated\">\n\t\t\t\t\t\t<div class=\"elementor-element elementor-element-3922bc4 elementor-position-left elementor-vertical-align-middle elementor-widget elementor-widget-image-box\" data-id=\"3922bc4\" data-element_type=\"widget\" data-e-type=\"widget\" data-widget_type=\"image-box.default\">\n\t\t\t\t<div class=\"elementor-widget-container\">\n\t\t\t\t\t<div class=\"elementor-image-box-wrapper\"><figure class=\"elementor-image-box-img\"><img loading=\"lazy\" decoding=\"async\" width=\"600\" height=\"765\" src=\"https:\/\/flamboyant-borg.188-165-133-218.plesk.page\/wp-content\/uploads\/2026\/05\/MULTICEREALES-Espelta.jpg\" class=\"attachment-full size-full wp-image-27392\" alt=\"\" srcset=\"https:\/\/flamboyant-borg.188-165-133-218.plesk.page\/wp-content\/uploads\/2026\/05\/MULTICEREALES-Espelta.jpg 600w, https:\/\/flamboyant-borg.188-165-133-218.plesk.page\/wp-content\/uploads\/2026\/05\/MULTICEREALES-Espelta-235x300.jpg 235w\" sizes=\"(max-width: 600px) 100vw, 600px\" \/><\/figure><div class=\"elementor-image-box-content\"><h5 class=\"elementor-image-box-title\">Formato:<\/h5><p class=\"elementor-image-box-description\">Saco 25 Kg<\/p><\/div><\/div>\t\t\t\t<\/div>\n\t\t\t\t<\/div>\n\t\t\t\t\t<\/div>\n\t\t<\/div>\n\t\t\t\t<div class=\"elementor-column elementor-col-50 elementor-top-column elementor-element elementor-element-0864baa\" data-id=\"0864baa\" data-element_type=\"column\" data-e-type=\"column\">\n\t\t\t<div class=\"elementor-widget-wrap elementor-element-populated\">\n\t\t\t\t\t\t<div class=\"elementor-element elementor-element-0bc4a46 elementor-widget elementor-widget-text-editor\" data-id=\"0bc4a46\" data-element_type=\"widget\" data-e-type=\"widget\" data-widget_type=\"text-editor.default\">\n\t\t\t\t<div class=\"elementor-widget-container\">\n\t\t\t\t\t\t\t\t\t<h2 data-path-to-node=\"0\"><span style=\"color: #808080;\"><span style=\"color: #cfa948;\">Harina de Trigo Espelta ECO \u00abOrigen\u00bb M. Piedra de Harinas Polo:<\/span> Innovaci\u00f3n Funcional y Potencial Organol\u00e9ptico en la Industria Alimentaria.<\/span><\/h2><p id=\"p-rc_4758f5be979734ad-258\" data-path-to-node=\"1\">\u00a0<\/p>\t\t\t\t\t\t\t\t<\/div>\n\t\t\t\t<\/div>\n\t\t\t\t\t<\/div>\n\t\t<\/div>\n\t\t\t\t\t<\/div>\n\t\t<\/section>\n\t\t\t\t<section class=\"elementor-section elementor-top-section elementor-element elementor-element-aff5132 elementor-section-boxed elementor-section-height-default elementor-section-height-default\" data-id=\"aff5132\" data-element_type=\"section\" data-e-type=\"section\">\n\t\t\t\t\t\t<div class=\"elementor-container elementor-column-gap-default\">\n\t\t\t\t\t<div class=\"elementor-column elementor-col-100 elementor-top-column elementor-element elementor-element-22fbbe9\" data-id=\"22fbbe9\" data-element_type=\"column\" data-e-type=\"column\">\n\t\t\t<div class=\"elementor-widget-wrap elementor-element-populated\">\n\t\t\t\t\t\t<div class=\"elementor-element elementor-element-0d4c39b elementor-widget elementor-widget-text-editor\" data-id=\"0d4c39b\" data-element_type=\"widget\" data-e-type=\"widget\" data-widget_type=\"text-editor.default\">\n\t\t\t\t<div class=\"elementor-widget-container\">\n\t\t\t\t\t\t\t\t\t<p><span style=\"color: #808080;\">En el competitivo sector de la formulaci\u00f3n de alimentos, el desarrollo de perfiles sensoriales complejos y la simplificaci\u00f3n de las listas de ingredientes (<b data-path-to-node=\"1,0\" data-index-in-node=\"156\">clean label<\/b>) constituyen dos de los pilares m\u00e1s importantes para el \u00e9xito comercial. En este contexto, la <b data-path-to-node=\"1,0\" data-index-in-node=\"262\">Harina de Trigo Espelta ECO \u00abOrigen\u00bb M. Piedra<\/b> de Harinas Polo (C\u00f3digo HP: 17130125) se alza como un ingrediente de especialidad sumamente vers\u00e1til y eficiente. Obtenida mediante la molturaci\u00f3n en aut\u00e9ntico molino de piedras del grano de trigo espelta ecol\u00f3gico, esta harina integral destaca por preservar la pureza ancestral del cereal y estar completamente exenta de aditivos.<\/span><\/p><p><span style=\"color: #808080;\">A trav\u00e9s de la molienda tradicional en piedra, el grano no sufre sobrecalentamientos agresivos y mantiene integras todas sus fracciones anat\u00f3micas (endospermo, germen y salvado). Esto multiplica sus aplicaciones tecnol\u00f3gicas al actuar como un potente pilar de sabor, aroma y nutrici\u00f3n para panes biol\u00f3gicos de alta gama y otros productos horneados.<\/span><\/p>\t\t\t\t\t\t\t\t<\/div>\n\t\t\t\t<\/div>\n\t\t\t\t\t<\/div>\n\t\t<\/div>\n\t\t\t\t\t<\/div>\n\t\t<\/section>\n\t\t\t\t<section class=\"elementor-section elementor-top-section elementor-element elementor-element-ef908bf elementor-section-boxed elementor-section-height-default elementor-section-height-default\" data-id=\"ef908bf\" data-element_type=\"section\" data-e-type=\"section\">\n\t\t\t\t\t\t<div class=\"elementor-container elementor-column-gap-default\">\n\t\t\t\t\t<div class=\"elementor-column elementor-col-100 elementor-top-column elementor-element elementor-element-12d6c64\" data-id=\"12d6c64\" data-element_type=\"column\" data-e-type=\"column\">\n\t\t\t<div class=\"elementor-widget-wrap elementor-element-populated\">\n\t\t\t\t\t\t<div class=\"elementor-element elementor-element-2a2bb3e elementor-widget elementor-widget-text-editor\" data-id=\"2a2bb3e\" data-element_type=\"widget\" data-e-type=\"widget\" data-widget_type=\"text-editor.default\">\n\t\t\t\t<div class=\"elementor-widget-container\">\n\t\t\t\t\t\t\t\t\t<h2 data-path-to-node=\"4\"><span style=\"color: #cfa948;\">Transformaci\u00f3n F\u00edsica y Propiedades Tecnol\u00f3gicas.<\/span><\/h2><p data-path-to-node=\"5\"><span style=\"color: #808080;\">El proceso de molturaci\u00f3n artesanal en piedra dota a esta harina de una serie de atributos f\u00edsicos y qu\u00edmicos estandarizados que optimizan su rendimiento y reolog\u00eda en las l\u00edneas de producci\u00f3n:<\/span><\/p>\t\t\t\t\t\t\t\t<\/div>\n\t\t\t\t<\/div>\n\t\t\t\t<div class=\"elementor-element elementor-element-27f8a45 elementor-widget elementor-widget-spacer\" data-id=\"27f8a45\" data-element_type=\"widget\" data-e-type=\"widget\" data-widget_type=\"spacer.default\">\n\t\t\t\t<div class=\"elementor-widget-container\">\n\t\t\t\t\t\t\t<div class=\"elementor-spacer\">\n\t\t\t<div class=\"elementor-spacer-inner\"><\/div>\n\t\t<\/div>\n\t\t\t\t\t\t<\/div>\n\t\t\t\t<\/div>\n\t\t\t\t<section class=\"elementor-section elementor-inner-section elementor-element elementor-element-34faafb elementor-section-boxed elementor-section-height-default elementor-section-height-default\" data-id=\"34faafb\" data-element_type=\"section\" data-e-type=\"section\">\n\t\t\t\t\t\t<div class=\"elementor-container elementor-column-gap-default\">\n\t\t\t\t\t<div class=\"elementor-column elementor-col-50 elementor-inner-column elementor-element elementor-element-9bf16d2\" data-id=\"9bf16d2\" data-element_type=\"column\" data-e-type=\"column\">\n\t\t\t<div class=\"elementor-widget-wrap elementor-element-populated\">\n\t\t\t\t\t\t<div class=\"elementor-element elementor-element-855c783 elementor-widget elementor-widget-text-editor\" data-id=\"855c783\" data-element_type=\"widget\" data-e-type=\"widget\" data-widget_type=\"text-editor.default\">\n\t\t\t\t<div class=\"elementor-widget-container\">\n\t\t\t\t\t\t\t\t\t<p><span data-path-to-node=\"6,3,0,0\"><b data-path-to-node=\"6,3,0,0\" data-index-in-node=\"0\">Atributos Sensoriales Org\u00e1nicos:<\/b> <span style=\"color: #808080;\">Posee un aspecto <b data-path-to-node=\"6,3,0,0\" data-index-in-node=\"50\">blanco con mota<\/b> muy caracter\u00edstico debido a la integraci\u00f3n del salvado fino<\/span><\/span><span style=\"color: #808080;\">. Despliega un aroma y sabor t\u00edpicos del cereal r\u00fastico, completamente exentos de notas olores o sabores extra\u00f1os. <\/span><\/p>\t\t\t\t\t\t\t\t<\/div>\n\t\t\t\t<\/div>\n\t\t\t\t\t<\/div>\n\t\t<\/div>\n\t\t\t\t<div class=\"elementor-column elementor-col-50 elementor-inner-column elementor-element elementor-element-ab8ea68\" data-id=\"ab8ea68\" data-element_type=\"column\" data-e-type=\"column\">\n\t\t\t<div class=\"elementor-widget-wrap elementor-element-populated\">\n\t\t\t\t\t\t<div class=\"elementor-element elementor-element-0b3833e elementor-widget elementor-widget-text-editor\" data-id=\"0b3833e\" data-element_type=\"widget\" data-e-type=\"widget\" data-widget_type=\"text-editor.default\">\n\t\t\t\t<div class=\"elementor-widget-container\">\n\t\t\t\t\t\t\t\t\t<p><span data-path-to-node=\"6,1,0,0\"><b data-path-to-node=\"6,1,0,0\" data-index-in-node=\"0\">Conservaci\u00f3n de Nutrientes Nativa:<\/b> <span style=\"color: #808080;\">Al conservar el germen y el salvado del grano de espelta ecol\u00f3gico, la harina cuenta con una riqueza mineral nativa que se refleja en un contenido de <b data-path-to-node=\"6,1,0,0\" data-index-in-node=\"185\">cenizas &lt; 2.3%<\/b> y un valor de <b data-path-to-node=\"6,1,0,0\" data-index-in-node=\"214\">materia grasa &lt; 5.0%<\/b><\/span><\/span><span style=\"color: #808080;\" data-path-to-node=\"6,1,0,2\">. <\/span><\/p>\t\t\t\t\t\t\t\t<\/div>\n\t\t\t\t<\/div>\n\t\t\t\t\t<\/div>\n\t\t<\/div>\n\t\t\t\t\t<\/div>\n\t\t<\/section>\n\t\t\t\t<section class=\"elementor-section elementor-inner-section elementor-element elementor-element-41bc383 elementor-section-boxed elementor-section-height-default elementor-section-height-default\" data-id=\"41bc383\" data-element_type=\"section\" data-e-type=\"section\">\n\t\t\t\t\t\t<div class=\"elementor-container elementor-column-gap-default\">\n\t\t\t\t\t<div class=\"elementor-column elementor-col-50 elementor-inner-column elementor-element elementor-element-f7195b7\" data-id=\"f7195b7\" data-element_type=\"column\" data-e-type=\"column\">\n\t\t\t<div class=\"elementor-widget-wrap elementor-element-populated\">\n\t\t\t\t\t\t<div class=\"elementor-element elementor-element-d38d75b elementor-widget elementor-widget-text-editor\" data-id=\"d38d75b\" data-element_type=\"widget\" data-e-type=\"widget\" data-widget_type=\"text-editor.default\">\n\t\t\t\t<div class=\"elementor-widget-container\">\n\t\t\t\t\t\t\t\t\t<p><span data-path-to-node=\"6,2,0,0\"><b data-path-to-node=\"6,2,0,0\" data-index-in-node=\"0\">Rendimiento Proteico Estructural:<\/b> <span style=\"color: #808080;\">Presenta un contenido de <b data-path-to-node=\"6,2,0,0\" data-index-in-node=\"59\">prote\u00edna &gt; 10.00%<\/b>, lo que garantiza el soporte necesario para el desarrollo de la masa y la retenci\u00f3n de gases durante los procesos de fermentaci\u00f3n biol\u00f3gica<\/span><\/span><span style=\"color: #808080;\" data-path-to-node=\"6,2,0,2\">. <\/span><\/p>\t\t\t\t\t\t\t\t<\/div>\n\t\t\t\t<\/div>\n\t\t\t\t\t<\/div>\n\t\t<\/div>\n\t\t\t\t<div class=\"elementor-column elementor-col-50 elementor-inner-column elementor-element elementor-element-57cccec\" data-id=\"57cccec\" data-element_type=\"column\" data-e-type=\"column\">\n\t\t\t<div class=\"elementor-widget-wrap elementor-element-populated\">\n\t\t\t\t\t\t<div class=\"elementor-element elementor-element-1d5d9f2 elementor-widget elementor-widget-text-editor\" data-id=\"1d5d9f2\" data-element_type=\"widget\" data-e-type=\"widget\" data-widget_type=\"text-editor.default\">\n\t\t\t\t<div class=\"elementor-widget-container\">\n\t\t\t\t\t\t\t\t\t<p><span data-path-to-node=\"6,3,0,0\"><b data-path-to-node=\"6,3,0,0\" data-index-in-node=\"0\">Granulometr\u00eda Fina y Atributos Visuales:<\/b> <span style=\"color: #808080;\">El molino de piedra genera una distribuci\u00f3n de part\u00edculas \u00fanica que favorece la absorci\u00f3n de agua. Registra un <b data-path-to-node=\"6,0,0,2\" data-index-in-node=\"14\">100% de part\u00edculas menores a 1000 micras<\/b>, de las cuales entre el <b data-path-to-node=\"6,0,0,2\" data-index-in-node=\"79\">15-20% se sit\u00faan entre 594-212 micras<\/b> y un <b data-path-to-node=\"6,0,0,2\" data-index-in-node=\"122\">85-80% son inferiores a 212 micras<\/b>.<\/span><\/span><\/p>\t\t\t\t\t\t\t\t<\/div>\n\t\t\t\t<\/div>\n\t\t\t\t\t<\/div>\n\t\t<\/div>\n\t\t\t\t\t<\/div>\n\t\t<\/section>\n\t\t\t\t\t<\/div>\n\t\t<\/div>\n\t\t\t\t\t<\/div>\n\t\t<\/section>\n\t\t\t\t<section class=\"elementor-section elementor-top-section elementor-element elementor-element-5439a54 elementor-section-boxed elementor-section-height-default elementor-section-height-default\" data-id=\"5439a54\" data-element_type=\"section\" data-e-type=\"section\">\n\t\t\t\t\t\t<div class=\"elementor-container elementor-column-gap-default\">\n\t\t\t\t\t<div class=\"elementor-column elementor-col-100 elementor-top-column elementor-element elementor-element-75ff1e8\" data-id=\"75ff1e8\" data-element_type=\"column\" data-e-type=\"column\">\n\t\t\t<div class=\"elementor-widget-wrap elementor-element-populated\">\n\t\t\t\t\t\t<div class=\"elementor-element elementor-element-49a69f3 elementor-widget elementor-widget-text-editor\" data-id=\"49a69f3\" data-element_type=\"widget\" data-e-type=\"widget\" data-widget_type=\"text-editor.default\">\n\t\t\t\t<div class=\"elementor-widget-container\">\n\t\t\t\t\t\t\t\t\t<h3 data-path-to-node=\"8\"><span style=\"color: #cfa948;\">Cuadro Nutricional Oficial Completo<\/span> <span style=\"font-size: 28px; color: #808080;\">(Por cada 100g)<\/span><\/h3><div class=\"horizontal-scroll-wrapper\"><table data-path-to-node=\"9\"><thead><tr><td><span style=\"color: #cfa948;\"><strong>Componente Anal\u00edtico<\/strong><\/span><\/td><td><span style=\"color: #cfa948;\"><strong>Valor Promedio por 100g<\/strong><\/span><\/td><td><span style=\"color: #cfa948;\"><strong>Funcionalidad e Impacto Industrial<\/strong><\/span><\/td><\/tr><\/thead><tbody><tr><td><span style=\"color: #cfa948;\" data-path-to-node=\"9,1,0,0\"><b data-path-to-node=\"9,1,0,0\" data-index-in-node=\"0\">Carbohidratos<\/b><\/span><\/td><td><span style=\"color: #808080;\" data-path-to-node=\"9,1,1,0\"><b data-path-to-node=\"9,1,1,0\" data-index-in-node=\"0\">61.10 g<\/b><\/span><\/td><td><p id=\"p-rc_4758f5be979734ad-264\" data-path-to-node=\"9,1,2,0\"><span style=\"color: #808080;\">Fuente energ\u00e9tica principal a base de almidones integrales complejos.<\/span><\/p><\/td><\/tr><tr><td><span style=\"color: #808080;\" data-path-to-node=\"9,2,0,0\">\u00a0\u00a0\u00a0\u00a0<i data-path-to-node=\"9,2,0,0\" data-index-in-node=\"4\">De los cuales Az\u00facares<\/i><\/span><\/td><td><span style=\"color: #808080;\" data-path-to-node=\"9,2,1,0\">1.0 g<\/span><\/td><td><p id=\"p-rc_4758f5be979734ad-265\" data-path-to-node=\"9,2,2,0\"><span style=\"color: #808080;\">Fracci\u00f3n m\u00ednima de az\u00facares propios del grano.<\/span><\/p><\/td><\/tr><tr><td><span style=\"color: #cfa948;\" data-path-to-node=\"9,3,0,0\"><b data-path-to-node=\"9,3,0,0\" data-index-in-node=\"0\">Prote\u00ednas<\/b><\/span><\/td><td><span style=\"color: #808080;\" data-path-to-node=\"9,3,1,0\"><b data-path-to-node=\"9,3,1,0\" data-index-in-node=\"0\">12.0 g<\/b><\/span><\/td><td><p id=\"p-rc_4758f5be979734ad-266\" data-path-to-node=\"9,3,2,0\"><span style=\"color: #808080;\">Alto contenido proteico que asiste en la cohesi\u00f3n de la miga r\u00fastica.<\/span><\/p><\/td><\/tr><tr><td><span style=\"color: #cfa948;\" data-path-to-node=\"9,4,0,0\"><b data-path-to-node=\"9,4,0,0\" data-index-in-node=\"0\">Grasas<\/b><\/span><\/td><td><span style=\"color: #808080;\" data-path-to-node=\"9,4,1,0\"><b data-path-to-node=\"9,4,1,0\" data-index-in-node=\"0\">1.90 g<\/b><\/span><\/td><td><p id=\"p-rc_4758f5be979734ad-267\" data-path-to-node=\"9,4,2,0\"><span style=\"color: #808080;\">L\u00edpidos nativos del germen que enriquecen el perfil graso y arom\u00e1tico.<\/span><\/p><\/td><\/tr><tr><td><span style=\"color: #808080;\" data-path-to-node=\"9,5,0,0\">\u00a0\u00a0\u00a0\u00a0<i data-path-to-node=\"9,5,0,0\" data-index-in-node=\"4\">Saturadas<\/i><\/span><\/td><td><span style=\"color: #808080;\" data-path-to-node=\"9,5,1,0\">0.30 g<\/span><\/td><td><p id=\"p-rc_4758f5be979734ad-268\" data-path-to-node=\"9,5,2,0\"><span style=\"color: #808080;\">M\u00ednimo aporte de \u00e1cidos grasos saturados.<\/span><\/p><\/td><\/tr><tr><td><span style=\"color: #808080;\" data-path-to-node=\"9,6,0,0\">\u00a0\u00a0\u00a0\u00a0<i data-path-to-node=\"9,6,0,0\" data-index-in-node=\"4\">Monoinsaturadas<\/i><\/span><\/td><td><span style=\"color: #808080;\" data-path-to-node=\"9,6,1,0\">0.20 g<\/span><\/td><td><p id=\"p-rc_4758f5be979734ad-269\" data-path-to-node=\"9,6,2,0\"><span style=\"color: #808080;\">\u00c1cidos grasos monoinsaturados esenciales del cereal ancestral.<\/span><\/p><\/td><\/tr><tr><td><span style=\"color: #808080;\" data-path-to-node=\"9,7,0,0\">\u00a0\u00a0\u00a0\u00a0<i data-path-to-node=\"9,7,0,0\" data-index-in-node=\"4\">Poliinsaturadas<\/i><\/span><\/td><td><span style=\"color: #808080;\" data-path-to-node=\"9,7,1,0\">0.80 g<\/span><\/td><td><p id=\"p-rc_4758f5be979734ad-270\" data-path-to-node=\"9,7,2,0\"><span style=\"color: #808080;\">Fracci\u00f3n poliinsaturada nativa preservada por la molienda fr\u00eda.<\/span><\/p><\/td><\/tr><tr><td><span style=\"color: #cfa948;\" data-path-to-node=\"9,8,0,0\"><b data-path-to-node=\"9,8,0,0\" data-index-in-node=\"0\">Fibra<\/b><\/span><\/td><td><span style=\"color: #808080;\" data-path-to-node=\"9,8,1,0\"><b data-path-to-node=\"9,8,1,0\" data-index-in-node=\"0\">9.6 g<\/b><\/span><\/td><td><p id=\"p-rc_4758f5be979734ad-271\" data-path-to-node=\"9,8,2,0\"><span style=\"color: #808080;\">Muy elevado aporte de fibra diet\u00e9tica insoluble que genera el moteado.<\/span><\/p><\/td><\/tr><tr><td><span style=\"color: #cfa948;\" data-path-to-node=\"9,9,0,0\"><b data-path-to-node=\"9,9,0,0\" data-index-in-node=\"0\">Cenizas<\/b><\/span><\/td><td><span style=\"color: #808080;\" data-path-to-node=\"9,9,1,0\">1.50 g<\/span><\/td><td><p id=\"p-rc_4758f5be979734ad-272\" data-path-to-node=\"9,9,2,0\"><span style=\"color: #808080;\">Alta densidad mineral procedente de la molienda del grano entero.<\/span><\/p><\/td><\/tr><tr><td><span style=\"color: #cfa948;\" data-path-to-node=\"9,10,0,0\"><b data-path-to-node=\"9,10,0,0\" data-index-in-node=\"0\">Agua (Humedad)<\/b><\/span><\/td><td><span style=\"color: #808080;\" data-path-to-node=\"9,10,1,0\">13.9 g<\/span><\/td><td><p id=\"p-rc_4758f5be979734ad-273\" data-path-to-node=\"9,10,2,0\"><span style=\"color: #808080;\">Humedad anal\u00edtica equilibrada, por debajo del l\u00edmite legal (&lt; 15%).<\/span><\/p><\/td><\/tr><tr><td><span style=\"color: #cfa948;\" data-path-to-node=\"9,11,0,0\"><b data-path-to-node=\"9,11,0,0\" data-index-in-node=\"0\">Vitamina E<\/b><\/span><\/td><td><span style=\"color: #808080;\" data-path-to-node=\"9,11,1,0\">0.2 mg<\/span><\/td><td><p id=\"p-rc_4758f5be979734ad-274\" data-path-to-node=\"9,11,2,0\"><span style=\"color: #808080;\">Antioxidante natural del germen protegido por el molino de piedra.<\/span><\/p><\/td><\/tr><tr><td><span style=\"color: #cfa948;\" data-path-to-node=\"9,12,0,0\"><b data-path-to-node=\"9,12,0,0\" data-index-in-node=\"0\">Sal \/ Sodio Equivalente<\/b><\/span><\/td><td><span style=\"color: #808080;\" data-path-to-node=\"9,12,1,0\">22.5 mg \/ 9.0 mg<\/span><\/td><td><p id=\"p-rc_4758f5be979734ad-275\" data-path-to-node=\"9,12,2,0\"><span style=\"color: #808080;\">Valores insignificantes de sodio nativo, sin sal a\u00f1adida.<\/span><\/p><\/td><\/tr><tr><td><span style=\"color: #cfa948;\" data-path-to-node=\"9,13,0,0\"><b data-path-to-node=\"9,13,0,0\" data-index-in-node=\"0\">VALOR ENERG\u00c9TICO<\/b><\/span><\/td><td><span style=\"color: #808080;\" data-path-to-node=\"9,13,1,0\"><b data-path-to-node=\"9,13,1,0\" data-index-in-node=\"0\">332 kcal \/ 1403 KJ<\/b><\/span><\/td><td><p id=\"p-rc_4758f5be979734ad-276\" data-path-to-node=\"9,13,2,0\"><span style=\"color: #808080;\">Suministro energ\u00e9tico limpio e integral para el desarrollo de alimentos saludables.<\/span><\/p><\/td><\/tr><\/tbody><\/table><\/div>\t\t\t\t\t\t\t\t<\/div>\n\t\t\t\t<\/div>\n\t\t\t\t\t<\/div>\n\t\t<\/div>\n\t\t\t\t\t<\/div>\n\t\t<\/section>\n\t\t\t\t<section class=\"elementor-section elementor-top-section elementor-element elementor-element-03304ba elementor-section-boxed elementor-section-height-default elementor-section-height-default\" data-id=\"03304ba\" data-element_type=\"section\" data-e-type=\"section\">\n\t\t\t\t\t\t<div class=\"elementor-container elementor-column-gap-default\">\n\t\t\t\t\t<div class=\"elementor-column elementor-col-100 elementor-top-column elementor-element elementor-element-bcbb13c\" data-id=\"bcbb13c\" data-element_type=\"column\" data-e-type=\"column\">\n\t\t\t<div class=\"elementor-widget-wrap elementor-element-populated\">\n\t\t\t\t\t\t<div class=\"elementor-element elementor-element-cd8ae03 elementor-widget elementor-widget-text-editor\" data-id=\"cd8ae03\" data-element_type=\"widget\" data-e-type=\"widget\" data-widget_type=\"text-editor.default\">\n\t\t\t\t<div class=\"elementor-widget-container\">\n\t\t\t\t\t\t\t\t\t<h2 data-path-to-node=\"11\"><span style=\"color: #cfa948;\">Principales Aplicaciones Industriales y Uso Esperado.<\/span><\/h2><p id=\"p-rc_4758f5be979734ad-277\" data-path-to-node=\"12\"><span style=\"color: #808080;\">La Harina de Trigo Espelta ECO \u00abOrigen\u00bb M. Piedra est\u00e1 catalogada como un producto intermedio para consumo humano que requiere una transformaci\u00f3n previa (amasado, fermentaci\u00f3n y horneado) antes de su incorporaci\u00f3n al consumidor final. Sus aplicaciones abarcan:<\/span><\/p><h3 data-path-to-node=\"13\"><span style=\"color: #cfa948;\">1. Panificaci\u00f3n Ecol\u00f3gica de Alta Gama y Masa Madre.<\/span><\/h3><p id=\"p-rc_4758f5be979734ad-278\" data-path-to-node=\"14\"><span style=\"color: #808080;\">Especialmente indicada para obradores e industrias que elaboran panes con certificaci\u00f3n ecol\u00f3gica bajo el sello <b data-path-to-node=\"14,0\" data-index-in-node=\"112\">ES-ECO-006-AR (Agricultura UE)<\/b>. Es la base perfecta para alimentar masas madre de cultivo natural y para la producci\u00f3n de hogazas integrales ecol\u00f3gicas, aportando una acidez equilibrada, una miga jugosa y una corteza r\u00fastica de gran atractivo comercial.<\/span><\/p><h3 data-path-to-node=\"15\"><span style=\"color: #cfa948;\">2. Formulaci\u00f3n de Productos Horneados con Declaraci\u00f3n \u00abRico en Fibra\u00bb.<\/span><\/h3><p id=\"p-rc_4758f5be979734ad-279\" data-path-to-node=\"16\"><span style=\"color: #808080;\">Gracias a su elevado contenido de fibra nativa (<b data-path-to-node=\"16,0\" data-index-in-node=\"48\">9.6 g por cada 100g<\/b>), se posiciona como el ingrediente id\u00f3neo para dise\u00f1ar galletas, crackers, colines y reposter\u00eda integral de etiqueta limpia. Permite alcanzar las alegaciones nutricionales de fibra m\u00e1s estrictas del mercado sin tener que adicionar salvados externos aislados.<\/span><\/p>\t\t\t\t\t\t\t\t<\/div>\n\t\t\t\t<\/div>\n\t\t\t\t\t<\/div>\n\t\t<\/div>\n\t\t\t\t\t<\/div>\n\t\t<\/section>\n\t\t\t\t<section class=\"elementor-section elementor-top-section elementor-element elementor-element-8a43daa elementor-section-boxed elementor-section-height-default elementor-section-height-default\" data-id=\"8a43daa\" data-element_type=\"section\" data-e-type=\"section\">\n\t\t\t\t\t\t<div class=\"elementor-container elementor-column-gap-default\">\n\t\t\t\t\t<div class=\"elementor-column elementor-col-50 elementor-top-column elementor-element elementor-element-d8ed416\" data-id=\"d8ed416\" data-element_type=\"column\" data-e-type=\"column\">\n\t\t\t<div class=\"elementor-widget-wrap elementor-element-populated\">\n\t\t\t\t\t\t<div class=\"elementor-element elementor-element-19a2064 elementor-widget elementor-widget-text-editor\" data-id=\"19a2064\" data-element_type=\"widget\" data-e-type=\"widget\" data-widget_type=\"text-editor.default\">\n\t\t\t\t<div class=\"elementor-widget-container\">\n\t\t\t\t\t\t\t\t\t<h2 data-path-to-node=\"18\"><span style=\"color: #cfa948; font-size: 36px;\">Gesti\u00f3n de Al\u00e9rgenos y Pureza Qu\u00edmica: <\/span><span style=\"font-size: 24px; color: #808080;\">(Reg. UE 1169\/2011)<\/span><\/h2><ul><li><p id=\"p-rc_4758f5be979734ad-280\" data-path-to-node=\"19,0,0\"><span style=\"color: #808080;\"><span style=\"color: #333333;\"><b data-path-to-node=\"19,0,0,0\" data-index-in-node=\"0\">Certificaci\u00f3n Oficial Eco:<\/b> <\/span>Avalada por el Comit\u00e9 de Agricultura Ecol\u00f3gica con el n\u00famero de <b data-path-to-node=\"19,0,0,0\" data-index-in-node=\"91\">Registro CAAE: AR-0349\/E<\/b>.<\/span><\/p><\/li><li><p id=\"p-rc_4758f5be979734ad-281\" data-path-to-node=\"19,1,0\"><span style=\"color: #808080;\"><span style=\"color: #333333;\"><b data-path-to-node=\"19,1,0,0\" data-index-in-node=\"0\">Pureza Bot\u00e1nica Extrema:<\/b> <\/span>Garantiza una <b data-path-to-node=\"19,1,0,0\" data-index-in-node=\"39\">pureza &gt; 99.99%<\/b>, limitando cualquier impureza involuntaria de origen vegetal a menos del 0.01%.<\/span><\/p><\/li><li><p id=\"p-rc_4758f5be979734ad-282\" data-path-to-node=\"19,2,0\"><span style=\"color: #808080;\"><span style=\"color: #333333;\"><b data-path-to-node=\"19,2,0,0\" data-index-in-node=\"0\">Presencia Obligatoria de Al\u00e9rgenos:<\/b><\/span> Contiene <b data-path-to-node=\"19,2,0,0\" data-index-in-node=\"45\">Gluten<\/b> de forma nativa al ser una harina de trigo espelta integral.<\/span><\/p><\/li><li><p id=\"p-rc_4758f5be979734ad-283\" data-path-to-node=\"19,3,0\"><span style=\"color: #808080;\"><span style=\"color: #333333;\"><b data-path-to-node=\"19,3,0,0\" data-index-in-node=\"0\">Trazas de Materia Prima \/ Planta:<\/b><\/span> Posible presencia residual de <b data-path-to-node=\"19,3,0,0\" data-index-in-node=\"64\">Soja<\/b> y <b data-path-to-node=\"19,3,0,0\" data-index-in-node=\"71\">Mostaza<\/b> por contaminaci\u00f3n cruzada en campo o transporte. Presencia preventiva controlada en zonas separadas de la planta para <b data-path-to-node=\"19,3,0,2\" data-index-in-node=\"71\">Soja<\/b> y <b data-path-to-node=\"19,3,0,2\" data-index-in-node=\"78\">Granos de s\u00e9samo<\/b>.<\/span><\/p><\/li><li><p id=\"p-rc_4758f5be979734ad-284\" data-path-to-node=\"19,4,0\"><span style=\"color: #808080;\"><span style=\"color: #333333;\"><b data-path-to-node=\"19,4,0,0\" data-index-in-node=\"0\">Garant\u00eda Limpia:<\/b> <\/span>0% Aditivos. No proviene de organismos modificados gen\u00e9ticamente (No OGM) ni ha sido tratada con radiaciones ionizantes.<\/span><\/p><\/li><\/ul>\t\t\t\t\t\t\t\t<\/div>\n\t\t\t\t<\/div>\n\t\t\t\t\t<\/div>\n\t\t<\/div>\n\t\t\t\t<div class=\"elementor-column elementor-col-50 elementor-top-column elementor-element elementor-element-e704dd0\" data-id=\"e704dd0\" data-element_type=\"column\" data-e-type=\"column\">\n\t\t\t<div class=\"elementor-widget-wrap elementor-element-populated\">\n\t\t\t\t\t\t<div class=\"elementor-element elementor-element-2120d09 elementor-widget elementor-widget-text-editor\" data-id=\"2120d09\" data-element_type=\"widget\" data-e-type=\"widget\" data-widget_type=\"text-editor.default\">\n\t\t\t\t<div class=\"elementor-widget-container\">\n\t\t\t\t\t\t\t\t\t<h2 data-path-to-node=\"21\"><span style=\"font-size: 36px; color: #cfa948;\">Log\u00edstica, Envasado y Directrices de Seguridad:<\/span><\/h2><ul><li><p data-path-to-node=\"22,0,0\"><span style=\"color: #808080;\"><b data-path-to-node=\"22,0,0\" data-index-in-node=\"0\">Formatos de Suministro Industrial:<\/b><\/span><\/p><ul data-path-to-node=\"22,0,1\"><li><p id=\"p-rc_4758f5be979734ad-285\" data-path-to-node=\"22,0,1,0,0\"><span style=\"color: #808080;\"><span style=\"color: #333333;\"><b data-path-to-node=\"22,0,1,0,0,0\" data-index-in-node=\"0\">Sacos de 25 kg:<\/b><\/span> Confeccionados en papel multicapa de alta protecci\u00f3n higi\u00e9nica con sistema de cierre <b data-path-to-node=\"22,0,1,0,0,0\" data-index-in-node=\"101\">cosido<\/b> de m\u00e1xima seguridad. Paletizado estandarizado sobre Palet Europeo (120&#215;80 cm) estructurado en 20 sacos por unidad, consolidando una carga neta de 500 kg por palet.<\/span><\/p><\/li><li><p id=\"p-rc_4758f5be979734ad-286\" data-path-to-node=\"22,0,1,1,0\"><span style=\"color: #808080;\">Nota: Los palets de pl\u00e1stico higi\u00e9nico para uso en salas limpias automatizadas deben ser solicitados expresamente por el cliente.<\/span><\/p><\/li><\/ul><\/li><li><p id=\"p-rc_4758f5be979734ad-287\" data-path-to-node=\"22,1,0\"><span style=\"color: #808080;\"><span style=\"color: #333333;\"><b data-path-to-node=\"22,1,0,0\" data-index-in-node=\"0\">Vida \u00datil Extendida:<\/b> <\/span>Consumo preferente establecido en <b data-path-to-node=\"22,1,0,0\" data-index-in-node=\"55\">3 meses<\/b> desde la fecha de producci\u00f3n en saco cerrado bajo pautas recomendadas.<\/span><\/p><\/li><li><p id=\"p-rc_4758f5be979734ad-288\" data-path-to-node=\"22,2,0\"><span style=\"color: #808080;\"><span style=\"color: #333333;\"><b data-path-to-node=\"22,2,0,0\" data-index-in-node=\"0\">Pautas de Conservaci\u00f3n:<\/b> <\/span>Conservar estrictamente en un sitio fresco, seco, protegido de la luz directa del sol y <b data-path-to-node=\"22,2,0,0\" data-index-in-node=\"112\">completamente aislado del suelo<\/b> para evitar transferencias de humedad.<\/span><\/p><\/li><li><p id=\"p-rc_4758f5be979734ad-289\" data-path-to-node=\"22,3,0\"><span style=\"color: #808080;\"><span style=\"color: #333333;\"><b data-path-to-node=\"22,3,0,0\" data-index-in-node=\"0\">Datos de Seguridad en Planta:<\/b><\/span> El polvo de harina fina puede actuar como sensibilizante por inhalaci\u00f3n y generar afecciones u opacidad ocular por contacto directo. Presenta un riesgo d\u00e9bil de explosi\u00f3n; debido a su granulometr\u00eda y poder calor\u00edfico, bajo condiciones muy especiales, podr\u00eda generar atm\u00f3sferas explosivas en contacto con fuentes de ignici\u00f3n, por lo que se deben adecuar las medidas de protecci\u00f3n al lugar de trabajo (Reglamento CE 1907\/2006).<\/span><\/p><\/li><\/ul>\t\t\t\t\t\t\t\t<\/div>\n\t\t\t\t<\/div>\n\t\t\t\t\t<\/div>\n\t\t<\/div>\n\t\t\t\t\t<\/div>\n\t\t<\/section>\n\t\t\t\t<section class=\"elementor-section elementor-top-section elementor-element elementor-element-0437fdd elementor-section-boxed elementor-section-height-default elementor-section-height-default\" data-id=\"0437fdd\" data-element_type=\"section\" data-e-type=\"section\">\n\t\t\t\t\t\t<div class=\"elementor-container elementor-column-gap-default\">\n\t\t\t\t\t<div class=\"elementor-column elementor-col-50 elementor-top-column elementor-element elementor-element-8b6fa8d\" data-id=\"8b6fa8d\" data-element_type=\"column\" data-e-type=\"column\">\n\t\t\t<div class=\"elementor-widget-wrap elementor-element-populated\">\n\t\t\t\t\t\t<div class=\"elementor-element elementor-element-6ce29ba elementor-widget elementor-widget-image\" data-id=\"6ce29ba\" data-element_type=\"widget\" data-e-type=\"widget\" data-widget_type=\"image.default\">\n\t\t\t\t<div class=\"elementor-widget-container\">\n\t\t\t\t\t\t\t\t\t\t\t\t\t\t\t<img loading=\"lazy\" decoding=\"async\" width=\"300\" height=\"126\" src=\"https:\/\/flamboyant-borg.188-165-133-218.plesk.page\/wp-content\/uploads\/2026\/05\/FAQ2026-300x126.png\" class=\"attachment-medium size-medium wp-image-26587\" alt=\"\" srcset=\"https:\/\/flamboyant-borg.188-165-133-218.plesk.page\/wp-content\/uploads\/2026\/05\/FAQ2026-300x126.png 300w, https:\/\/flamboyant-borg.188-165-133-218.plesk.page\/wp-content\/uploads\/2026\/05\/FAQ2026-1024x430.png 1024w, https:\/\/flamboyant-borg.188-165-133-218.plesk.page\/wp-content\/uploads\/2026\/05\/FAQ2026-768x323.png 768w, https:\/\/flamboyant-borg.188-165-133-218.plesk.page\/wp-content\/uploads\/2026\/05\/FAQ2026-600x252.png 600w, https:\/\/flamboyant-borg.188-165-133-218.plesk.page\/wp-content\/uploads\/2026\/05\/FAQ2026.png 1459w\" sizes=\"(max-width: 300px) 100vw, 300px\" \/>\t\t\t\t\t\t\t\t\t\t\t\t\t\t\t<\/div>\n\t\t\t\t<\/div>\n\t\t\t\t\t<\/div>\n\t\t<\/div>\n\t\t\t\t<div class=\"elementor-column elementor-col-50 elementor-top-column elementor-element elementor-element-3e66c54\" data-id=\"3e66c54\" data-element_type=\"column\" data-e-type=\"column\" data-settings=\"{&quot;background_background&quot;:&quot;classic&quot;}\">\n\t\t\t<div class=\"elementor-widget-wrap elementor-element-populated\">\n\t\t\t\t\t\t<div class=\"elementor-element elementor-element-8720bf9 elementor-widget elementor-widget-toggle\" data-id=\"8720bf9\" data-element_type=\"widget\" data-e-type=\"widget\" data-widget_type=\"toggle.default\">\n\t\t\t\t<div class=\"elementor-widget-container\">\n\t\t\t\t\t\t\t<div class=\"elementor-toggle\">\n\t\t\t\t\t\t\t<div class=\"elementor-toggle-item\">\n\t\t\t\t\t<div id=\"elementor-tab-title-1411\" class=\"elementor-tab-title\" data-tab=\"1\" role=\"button\" aria-controls=\"elementor-tab-content-1411\" aria-expanded=\"false\">\n\t\t\t\t\t\t\t\t\t\t\t\t<span class=\"elementor-toggle-icon elementor-toggle-icon-left\" aria-hidden=\"true\">\n\t\t\t\t\t\t\t\t\t\t\t\t\t\t\t<span class=\"elementor-toggle-icon-closed\"><i class=\"fas fa-caret-right\"><\/i><\/span>\n\t\t\t\t\t\t\t\t<span class=\"elementor-toggle-icon-opened\"><i class=\"elementor-toggle-icon-opened fas fa-caret-up\"><\/i><\/span>\n\t\t\t\t\t\t\t\t\t\t\t\t\t<\/span>\n\t\t\t\t\t\t\t\t\t\t\t\t<a class=\"elementor-toggle-title\" tabindex=\"0\">\u00bfQu\u00e9 ventajas aporta la molturaci\u00f3n en \"molino de piedras\" a una harina integral en comparaci\u00f3n con los molinos de rodillos de acero?<\/a>\n\t\t\t\t\t<\/div>\n\n\t\t\t\t\t<div id=\"elementor-tab-content-1411\" class=\"elementor-tab-content elementor-clearfix\" data-tab=\"1\" role=\"region\" aria-labelledby=\"elementor-tab-title-1411\"><p><span data-path-to-node=\"26,0\">Los molinos industriales de rodillos de acero tienden a separar las fracciones del grano y generan calor por fricci\u00f3n, lo que puede degradar las vitaminas y oxidar los \u00e1cidos grasos del germen. La molturaci\u00f3n tradicional en molino de piedra tritura el grano entero de espelta ecol\u00f3gica de forma lenta y a baja temperatura<\/span><span data-path-to-node=\"26,2\">. Esto permite que los aceites naturales del germen se impregnen de manera homog\u00e9nea en el almid\u00f3n y el salvado, preservando intactos nutrientes cr\u00edticos como la Vitamina E (0.2 mg) y los \u00e1cidos grasos poliinsaturados (0.80 g), lo que resulta en una harina con un aroma y sabor mucho m\u00e1s intensos, estables y tradicionales<\/span><span data-path-to-node=\"26,4\">.<\/span><\/p><\/div>\n\t\t\t\t<\/div>\n\t\t\t\t\t\t\t<div class=\"elementor-toggle-item\">\n\t\t\t\t\t<div id=\"elementor-tab-title-1412\" class=\"elementor-tab-title\" data-tab=\"2\" role=\"button\" aria-controls=\"elementor-tab-content-1412\" aria-expanded=\"false\">\n\t\t\t\t\t\t\t\t\t\t\t\t<span class=\"elementor-toggle-icon elementor-toggle-icon-left\" aria-hidden=\"true\">\n\t\t\t\t\t\t\t\t\t\t\t\t\t\t\t<span class=\"elementor-toggle-icon-closed\"><i class=\"fas fa-caret-right\"><\/i><\/span>\n\t\t\t\t\t\t\t\t<span class=\"elementor-toggle-icon-opened\"><i class=\"elementor-toggle-icon-opened fas fa-caret-up\"><\/i><\/span>\n\t\t\t\t\t\t\t\t\t\t\t\t\t<\/span>\n\t\t\t\t\t\t\t\t\t\t\t\t<a class=\"elementor-toggle-title\" tabindex=\"0\">\u00bfC\u00f3mo influye el perfil granulom\u00e9trico de esta harina en la absorci\u00f3n de agua durante el amasado industrial?<\/a>\n\t\t\t\t\t<\/div>\n\n\t\t\t\t\t<div id=\"elementor-tab-content-1412\" class=\"elementor-tab-content elementor-clearfix\" data-tab=\"2\" role=\"region\" aria-labelledby=\"elementor-tab-title-1412\"><p><span data-path-to-node=\"28,0\">Esta harina integral cuenta con una granulometr\u00eda donde el 100% de las part\u00edculas son menores a 1000 micras, pero con una distribuci\u00f3n muy espec\u00edfica (80-85% por debajo de las 212 micras)<\/span><span data-path-to-node=\"28,2\">. La presencia de un 15-20% de part\u00edculas de salvado de tama\u00f1o medio (entre 594-212 micras) act\u00faa aumentando dr\u00e1sticamente la capacidad de absorci\u00f3n de agua de la masa debido a la naturaleza hidr\u00f3fila de la fibra diet\u00e9tica (que alcanza los 9.6 g)<\/span><span data-path-to-node=\"28,4\">. En la pr\u00e1ctica industrial, esto exige ajustar los tiempos de hidrataci\u00f3n (dando m\u00e1s tiempo para que la fibra se hidrate por completo) y genera masas con un rendimiento de peso mayor y migas que retienen la humedad por m\u00e1s tiempo tras el horneado.<\/span><\/p><\/div>\n\t\t\t\t<\/div>\n\t\t\t\t\t\t\t<div class=\"elementor-toggle-item\">\n\t\t\t\t\t<div id=\"elementor-tab-title-1413\" class=\"elementor-tab-title\" data-tab=\"3\" role=\"button\" aria-controls=\"elementor-tab-content-1413\" aria-expanded=\"false\">\n\t\t\t\t\t\t\t\t\t\t\t\t<span class=\"elementor-toggle-icon elementor-toggle-icon-left\" aria-hidden=\"true\">\n\t\t\t\t\t\t\t\t\t\t\t\t\t\t\t<span class=\"elementor-toggle-icon-closed\"><i class=\"fas fa-caret-right\"><\/i><\/span>\n\t\t\t\t\t\t\t\t<span class=\"elementor-toggle-icon-opened\"><i class=\"elementor-toggle-icon-opened fas fa-caret-up\"><\/i><\/span>\n\t\t\t\t\t\t\t\t\t\t\t\t\t<\/span>\n\t\t\t\t\t\t\t\t\t\t\t\t<a class=\"elementor-toggle-title\" tabindex=\"0\">\u00bfPor qu\u00e9 una harina con < 15% de humedad y alta presencia de salvado y germen logra mantener una vida \u00fatil segura de 3 meses?<\/a>\n\t\t\t\t\t<\/div>\n\n\t\t\t\t\t<div id=\"elementor-tab-content-1413\" class=\"elementor-tab-content elementor-clearfix\" data-tab=\"3\" role=\"region\" aria-labelledby=\"elementor-tab-title-1413\"><p><span data-path-to-node=\"30,0\">Las harinas integrales convencionales suelen enranciarse r\u00e1pido debido a que las lipasas degradan las grasas del germen al entrar en contacto con el ox\u00edgeno y el agua libre. Sin embargo, la Harina de Trigo Espelta ECO de Harinas Polo mantiene estrictos controles anal\u00edticos donde la humedad real se sit\u00faa habitualmente en el 13.9% y las cenizas en 1.50%<\/span><span data-path-to-node=\"30,2\">. Estos valores aseguran que la actividad de agua (<span class=\"math-inline\" data-math=\"a_w\" data-index-in-node=\"51\">a_w<\/span>) se mantenga por debajo de los umbrales cr\u00edticos de activaci\u00f3n enzim\u00e1tica y microbiol\u00f3gica<\/span><span data-path-to-node=\"30,4\">. Esto, sumado al aislamiento del suelo y el envasado en sacos multicapa protegidos de la luz, bloquea la oxidaci\u00f3n prematura y garantiza una estabilidad biol\u00f3gica perfecta durante sus 3 meses de vida \u00fatil<\/span><span data-path-to-node=\"30,6\">.<\/span><\/p><\/div>\n\t\t\t\t<\/div>\n\t\t\t\t\t\t\t\t<\/div>\n\t\t\t\t\t\t<\/div>\n\t\t\t\t<\/div>\n\t\t\t\t\t<\/div>\n\t\t<\/div>\n\t\t\t\t\t<\/div>\n\t\t<\/section>\n\t\t\t\t<section class=\"elementor-section elementor-top-section elementor-element elementor-element-9a8922a elementor-section-boxed elementor-section-height-default elementor-section-height-default\" data-id=\"9a8922a\" data-element_type=\"section\" data-e-type=\"section\">\n\t\t\t\t\t\t\t<div class=\"elementor-background-overlay\"><\/div>\n\t\t\t\t\t\t\t<div class=\"elementor-container elementor-column-gap-default\">\n\t\t\t\t\t<div class=\"elementor-column elementor-col-100 elementor-top-column elementor-element elementor-element-bbf7691\" data-id=\"bbf7691\" data-element_type=\"column\" data-e-type=\"column\">\n\t\t\t<div class=\"elementor-widget-wrap elementor-element-populated\">\n\t\t\t\t\t\t<div class=\"elementor-element elementor-element-5717a3c elementor-widget elementor-widget-image\" data-id=\"5717a3c\" data-element_type=\"widget\" data-e-type=\"widget\" data-widget_type=\"image.default\">\n\t\t\t\t<div class=\"elementor-widget-container\">\n\t\t\t\t\t\t\t\t\t\t\t\t\t\t\t<img loading=\"lazy\" decoding=\"async\" width=\"300\" height=\"139\" src=\"https:\/\/flamboyant-borg.188-165-133-218.plesk.page\/wp-content\/uploads\/2026\/03\/Logo-con-bolo-2026-300x139.png\" class=\"attachment-medium size-medium wp-image-23939\" alt=\"\" srcset=\"https:\/\/flamboyant-borg.188-165-133-218.plesk.page\/wp-content\/uploads\/2026\/03\/Logo-con-bolo-2026-300x139.png 300w, https:\/\/flamboyant-borg.188-165-133-218.plesk.page\/wp-content\/uploads\/2026\/03\/Logo-con-bolo-2026-1024x476.png 1024w, https:\/\/flamboyant-borg.188-165-133-218.plesk.page\/wp-content\/uploads\/2026\/03\/Logo-con-bolo-2026-768x357.png 768w, https:\/\/flamboyant-borg.188-165-133-218.plesk.page\/wp-content\/uploads\/2026\/03\/Logo-con-bolo-2026-600x279.png 600w\" sizes=\"(max-width: 300px) 100vw, 300px\" \/>\t\t\t\t\t\t\t\t\t\t\t\t\t\t\t<\/div>\n\t\t\t\t<\/div>\n\t\t\t\t<div class=\"elementor-element elementor-element-2c6aab2 elementor-widget elementor-widget-spacer\" data-id=\"2c6aab2\" data-element_type=\"widget\" data-e-type=\"widget\" data-widget_type=\"spacer.default\">\n\t\t\t\t<div class=\"elementor-widget-container\">\n\t\t\t\t\t\t\t<div class=\"elementor-spacer\">\n\t\t\t<div class=\"elementor-spacer-inner\"><\/div>\n\t\t<\/div>\n\t\t\t\t\t\t<\/div>\n\t\t\t\t<\/div>\n\t\t\t\t<section class=\"elementor-section elementor-inner-section elementor-element elementor-element-38bd84c elementor-section-boxed elementor-section-height-default elementor-section-height-default\" data-id=\"38bd84c\" data-element_type=\"section\" data-e-type=\"section\">\n\t\t\t\t\t\t<div class=\"elementor-container elementor-column-gap-default\">\n\t\t\t\t\t<div class=\"elementor-column elementor-col-50 elementor-inner-column elementor-element elementor-element-aa1340e\" data-id=\"aa1340e\" data-element_type=\"column\" data-e-type=\"column\">\n\t\t\t<div class=\"elementor-widget-wrap elementor-element-populated\">\n\t\t\t\t\t\t<div class=\"elementor-element elementor-element-5a8f0e9 elementor-widget elementor-widget-text-editor\" data-id=\"5a8f0e9\" data-element_type=\"widget\" data-e-type=\"widget\" data-widget_type=\"text-editor.default\">\n\t\t\t\t<div class=\"elementor-widget-container\">\n\t\t\t\t\t\t\t\t\t<p><span style=\"color: #000000;\"><a style=\"color: #000000;\" href=\"https:\/\/maps.app.goo.gl\/aZdE2Rr1nezVFmKv7\" target=\"_blank\" rel=\"noopener\">Cno. de la Harinera S\/N; 50830 Villanueva de G\u00e1llego, Zaragoza, Espa\u00f1a.<\/a><\/span><\/p>\t\t\t\t\t\t\t\t<\/div>\n\t\t\t\t<\/div>\n\t\t\t\t<div class=\"elementor-element elementor-element-28ca03a elementor-widget elementor-widget-text-editor\" data-id=\"28ca03a\" data-element_type=\"widget\" data-e-type=\"widget\" data-widget_type=\"text-editor.default\">\n\t\t\t\t<div class=\"elementor-widget-container\">\n\t\t\t\t\t\t\t\t\t<p><span style=\"color: #000000;\"><a style=\"color: #000000;\" href=\"http:\/\/&lt;a href=&quot;tel:+34900111222&quot;&gt;900 111 222&lt;\/a&gt;\" data-wplink-url-error=\"true\">976 185 126<\/a><\/span><\/p>\t\t\t\t\t\t\t\t<\/div>\n\t\t\t\t<\/div>\n\t\t\t\t<div class=\"elementor-element elementor-element-832a473 elementor-widget elementor-widget-text-editor\" data-id=\"832a473\" data-element_type=\"widget\" data-e-type=\"widget\" data-widget_type=\"text-editor.default\">\n\t\t\t\t<div class=\"elementor-widget-container\">\n\t\t\t\t\t\t\t\t\t<p><a href=\"mailto:haripolo@harinaspolo.com\"><span style=\"color: #000000;\">haripolo@harinaspolo.com<\/span><\/a><\/p>\t\t\t\t\t\t\t\t<\/div>\n\t\t\t\t<\/div>\n\t\t\t\t\t<\/div>\n\t\t<\/div>\n\t\t\t\t<div class=\"elementor-column elementor-col-50 elementor-inner-column elementor-element elementor-element-82d5b18\" data-id=\"82d5b18\" data-element_type=\"column\" data-e-type=\"column\">\n\t\t\t<div class=\"elementor-widget-wrap elementor-element-populated\">\n\t\t\t\t\t\t<div class=\"elementor-element elementor-element-67174a7 elementor-widget elementor-widget-text-editor\" data-id=\"67174a7\" data-element_type=\"widget\" data-e-type=\"widget\" data-widget_type=\"text-editor.default\">\n\t\t\t\t<div class=\"elementor-widget-container\">\n\t\t\t\t\t\t\t\t\t<p style=\"text-align: center;\"><a href=\"https:\/\/flamboyant-borg.188-165-133-218.plesk.page\/aviso-legal\/\"><span style=\"color: #f4aa00;\">Aviso legal.<\/span><\/a><\/p>\t\t\t\t\t\t\t\t<\/div>\n\t\t\t\t<\/div>\n\t\t\t\t<div class=\"elementor-element elementor-element-a2ab26b elementor-widget elementor-widget-text-editor\" data-id=\"a2ab26b\" data-element_type=\"widget\" data-e-type=\"widget\" data-widget_type=\"text-editor.default\">\n\t\t\t\t<div class=\"elementor-widget-container\">\n\t\t\t\t\t\t\t\t\t<p style=\"text-align: center;\"><a href=\"https:\/\/flamboyant-borg.188-165-133-218.plesk.page\/privacidad\/\"><span style=\"color: #f4aa00;\">Privacidad.<\/span><\/a><\/p>\t\t\t\t\t\t\t\t<\/div>\n\t\t\t\t<\/div>\n\t\t\t\t<div class=\"elementor-element elementor-element-16eef0e elementor-widget elementor-widget-text-editor\" data-id=\"16eef0e\" data-element_type=\"widget\" data-e-type=\"widget\" data-widget_type=\"text-editor.default\">\n\t\t\t\t<div class=\"elementor-widget-container\">\n\t\t\t\t\t\t\t\t\t<p style=\"text-align: center;\"><span style=\"color: #f4aa00;\"><a style=\"color: #f4aa00;\" href=\"https:\/\/flamboyant-borg.188-165-133-218.plesk.page\/politica-de-coockies\/\">Pol\u00edtica de coockies.<\/a><\/span><\/p>\t\t\t\t\t\t\t\t<\/div>\n\t\t\t\t<\/div>\n\t\t\t\t\t<\/div>\n\t\t<\/div>\n\t\t\t\t\t<\/div>\n\t\t<\/section>\n\t\t\t\t\t<\/div>\n\t\t<\/div>\n\t\t\t\t\t<\/div>\n\t\t<\/section>\n\t\t\t\t<\/div>\n\t\t","protected":false},"excerpt":{"rendered":"<p>Formato: Saco 25 Kg Harina de Trigo Espelta ECO \u00abOrigen\u00bb M. Piedra de Harinas Polo: Innovaci\u00f3n Funcional y Potencial Organol\u00e9ptico en la Industria Alimentaria. En el competitivo sector de la formulaci\u00f3n de alimentos, el desarrollo de perfiles sensoriales complejos y la&#8230;<\/p>\n","protected":false},"author":3,"featured_media":0,"parent":24300,"menu_order":0,"comment_status":"closed","ping_status":"closed","template":"","meta":{"_joinchat":[],"footnotes":""},"class_list":["post-24307","page","type-page","status-publish","hentry"],"_links":{"self":[{"href":"https:\/\/flamboyant-borg.188-165-133-218.plesk.page\/index.php?rest_route=\/wp\/v2\/pages\/24307","targetHints":{"allow":["GET"]}}],"collection":[{"href":"https:\/\/flamboyant-borg.188-165-133-218.plesk.page\/index.php?rest_route=\/wp\/v2\/pages"}],"about":[{"href":"https:\/\/flamboyant-borg.188-165-133-218.plesk.page\/index.php?rest_route=\/wp\/v2\/types\/page"}],"author":[{"embeddable":true,"href":"https:\/\/flamboyant-borg.188-165-133-218.plesk.page\/index.php?rest_route=\/wp\/v2\/users\/3"}],"replies":[{"embeddable":true,"href":"https:\/\/flamboyant-borg.188-165-133-218.plesk.page\/index.php?rest_route=%2Fwp%2Fv2%2Fcomments&post=24307"}],"version-history":[{"count":24,"href":"https:\/\/flamboyant-borg.188-165-133-218.plesk.page\/index.php?rest_route=\/wp\/v2\/pages\/24307\/revisions"}],"predecessor-version":[{"id":31568,"href":"https:\/\/flamboyant-borg.188-165-133-218.plesk.page\/index.php?rest_route=\/wp\/v2\/pages\/24307\/revisions\/31568"}],"up":[{"embeddable":true,"href":"https:\/\/flamboyant-borg.188-165-133-218.plesk.page\/index.php?rest_route=\/wp\/v2\/pages\/24300"}],"wp:attachment":[{"href":"https:\/\/flamboyant-borg.188-165-133-218.plesk.page\/index.php?rest_route=%2Fwp%2Fv2%2Fmedia&parent=24307"}],"curies":[{"name":"wp","href":"https:\/\/api.w.org\/{rel}","templated":true}]}}