{"id":24377,"date":"2026-03-30T13:16:11","date_gmt":"2026-03-30T13:16:11","guid":{"rendered":"https:\/\/flamboyant-borg.188-165-133-218.plesk.page\/?page_id=24377"},"modified":"2026-07-17T05:21:34","modified_gmt":"2026-07-17T05:21:34","slug":"harina-de-mijo-pelado-bio-molino-de-piedra","status":"publish","type":"page","link":"https:\/\/flamboyant-borg.188-165-133-218.plesk.page\/?page_id=24377","title":{"rendered":"Harina de mijo pelado BIO Molino de Piedra"},"content":{"rendered":"\t\t<div data-elementor-type=\"wp-page\" data-elementor-id=\"24377\" class=\"elementor elementor-24377\">\n\t\t\t\t\t\t<section class=\"elementor-section elementor-top-section elementor-element elementor-element-90f032e elementor-section-stretched elementor-section-boxed elementor-section-height-default elementor-section-height-default\" data-id=\"90f032e\" data-element_type=\"section\" data-e-type=\"section\" data-settings=\"{&quot;stretch_section&quot;:&quot;section-stretched&quot;,&quot;background_background&quot;:&quot;classic&quot;}\">\n\t\t\t\t\t\t<div class=\"elementor-container elementor-column-gap-default\">\n\t\t\t\t\t<div class=\"elementor-column elementor-col-100 elementor-top-column elementor-element elementor-element-effefbb\" data-id=\"effefbb\" data-element_type=\"column\" data-e-type=\"column\">\n\t\t\t<div class=\"elementor-widget-wrap elementor-element-populated\">\n\t\t\t\t\t\t<div class=\"elementor-element elementor-element-a2bb1be title-alignment-center elementor-widget elementor-widget-neuros_image_carousel\" data-id=\"a2bb1be\" data-element_type=\"widget\" data-e-type=\"widget\" data-widget_type=\"neuros_image_carousel.default\">\n\t\t\t\t<div class=\"elementor-widget-container\">\n\t\t\t\t\t\n        <div class=\"neuros-image-slider-widget\">\n\n            \n            <div class=\"slider-wrapper\">\n                <div class=\"owl-carousel owl-theme view-type-2\" data-slider-options={&quot;items&quot;:5,&quot;nav&quot;:false,&quot;dots&quot;:true,&quot;dotsContainer&quot;:&quot;.owl-dots-a2bb1be&quot;,&quot;dotsContainerMobile&quot;:&quot;.owl-dots-a2bb1be&quot;,&quot;autoplayHoverPause&quot;:false,&quot;autoplay&quot;:false,&quot;autoplaySpeed&quot;:300,&quot;autoplayTimeout&quot;:5000,&quot;loop&quot;:false,&quot;speed&quot;:500}>\n                    <div class=\"slider-item\"><div class=\"slider-item-inner\"><img fetchpriority=\"high\" decoding=\"async\" width=\"636\" height=\"82\" src=\"https:\/\/flamboyant-borg.188-165-133-218.plesk.page\/wp-content\/uploads\/2026\/02\/RGSA.png\" class=\"attachment-full size-full wp-image-23013\" alt=\"\" srcset=\"https:\/\/flamboyant-borg.188-165-133-218.plesk.page\/wp-content\/uploads\/2026\/02\/RGSA.png 636w, https:\/\/flamboyant-borg.188-165-133-218.plesk.page\/wp-content\/uploads\/2026\/02\/RGSA-300x39.png 300w, https:\/\/flamboyant-borg.188-165-133-218.plesk.page\/wp-content\/uploads\/2026\/02\/RGSA-600x77.png 600w\" sizes=\"(max-width: 636px) 100vw, 636px\" \/><\/div><\/div><div class=\"slider-item\"><div class=\"slider-item-inner\"><img decoding=\"async\" width=\"558\" height=\"129\" src=\"https:\/\/flamboyant-borg.188-165-133-218.plesk.page\/wp-content\/uploads\/2026\/02\/FSC22000-color.png\" class=\"attachment-full size-full wp-image-23010\" alt=\"\" srcset=\"https:\/\/flamboyant-borg.188-165-133-218.plesk.page\/wp-content\/uploads\/2026\/02\/FSC22000-color.png 558w, https:\/\/flamboyant-borg.188-165-133-218.plesk.page\/wp-content\/uploads\/2026\/02\/FSC22000-color-300x69.png 300w\" sizes=\"(max-width: 558px) 100vw, 558px\" \/><\/div><\/div><div class=\"slider-item\"><div class=\"slider-item-inner\"><img decoding=\"async\" width=\"560\" height=\"134\" src=\"https:\/\/flamboyant-borg.188-165-133-218.plesk.page\/wp-content\/uploads\/2026\/02\/comite-ecologico-color.png\" class=\"attachment-full size-full wp-image-23011\" alt=\"\" srcset=\"https:\/\/flamboyant-borg.188-165-133-218.plesk.page\/wp-content\/uploads\/2026\/02\/comite-ecologico-color.png 560w, https:\/\/flamboyant-borg.188-165-133-218.plesk.page\/wp-content\/uploads\/2026\/02\/comite-ecologico-color-300x72.png 300w\" sizes=\"(max-width: 560px) 100vw, 560px\" \/><\/div><\/div><div class=\"slider-item\"><div class=\"slider-item-inner\"><img loading=\"lazy\" decoding=\"async\" width=\"150\" height=\"150\" src=\"https:\/\/flamboyant-borg.188-165-133-218.plesk.page\/wp-content\/uploads\/2026\/06\/kosher-certificate-png-150x150.png\" class=\"attachment-thumbnail size-thumbnail wp-image-30812\" alt=\"\" srcset=\"https:\/\/flamboyant-borg.188-165-133-218.plesk.page\/wp-content\/uploads\/2026\/06\/kosher-certificate-png-150x150.png 150w, https:\/\/flamboyant-borg.188-165-133-218.plesk.page\/wp-content\/uploads\/2026\/06\/kosher-certificate-png-300x300.png 300w, https:\/\/flamboyant-borg.188-165-133-218.plesk.page\/wp-content\/uploads\/2026\/06\/kosher-certificate-png-1024x1024.png 1024w, https:\/\/flamboyant-borg.188-165-133-218.plesk.page\/wp-content\/uploads\/2026\/06\/kosher-certificate-png-768x768.png 768w, https:\/\/flamboyant-borg.188-165-133-218.plesk.page\/wp-content\/uploads\/2026\/06\/kosher-certificate-png-1340x1340.png 1340w, https:\/\/flamboyant-borg.188-165-133-218.plesk.page\/wp-content\/uploads\/2026\/06\/kosher-certificate-png-960x960.png 960w, https:\/\/flamboyant-borg.188-165-133-218.plesk.page\/wp-content\/uploads\/2026\/06\/kosher-certificate-png-640x640.png 640w, https:\/\/flamboyant-borg.188-165-133-218.plesk.page\/wp-content\/uploads\/2026\/06\/kosher-certificate-png-500x500.png 500w, https:\/\/flamboyant-borg.188-165-133-218.plesk.page\/wp-content\/uploads\/2026\/06\/kosher-certificate-png-384x384.png 384w, https:\/\/flamboyant-borg.188-165-133-218.plesk.page\/wp-content\/uploads\/2026\/06\/kosher-certificate-png-320x320.png 320w, https:\/\/flamboyant-borg.188-165-133-218.plesk.page\/wp-content\/uploads\/2026\/06\/kosher-certificate-png-600x600.png 600w, https:\/\/flamboyant-borg.188-165-133-218.plesk.page\/wp-content\/uploads\/2026\/06\/kosher-certificate-png-100x100.png 100w, https:\/\/flamboyant-borg.188-165-133-218.plesk.page\/wp-content\/uploads\/2026\/06\/kosher-certificate-png.png 1600w\" sizes=\"(max-width: 150px) 100vw, 150px\" \/><\/div><\/div><div class=\"slider-item\"><div class=\"slider-item-inner\"><img loading=\"lazy\" decoding=\"async\" width=\"1422\" height=\"583\" src=\"https:\/\/flamboyant-borg.188-165-133-218.plesk.page\/wp-content\/uploads\/2026\/05\/sedex-certification-harinas-polo.png\" class=\"attachment-full size-full wp-image-26635\" alt=\"\" srcset=\"https:\/\/flamboyant-borg.188-165-133-218.plesk.page\/wp-content\/uploads\/2026\/05\/sedex-certification-harinas-polo.png 1422w, https:\/\/flamboyant-borg.188-165-133-218.plesk.page\/wp-content\/uploads\/2026\/05\/sedex-certification-harinas-polo-300x123.png 300w, https:\/\/flamboyant-borg.188-165-133-218.plesk.page\/wp-content\/uploads\/2026\/05\/sedex-certification-harinas-polo-1024x420.png 1024w, https:\/\/flamboyant-borg.188-165-133-218.plesk.page\/wp-content\/uploads\/2026\/05\/sedex-certification-harinas-polo-768x315.png 768w, https:\/\/flamboyant-borg.188-165-133-218.plesk.page\/wp-content\/uploads\/2026\/05\/sedex-certification-harinas-polo-600x246.png 600w\" sizes=\"(max-width: 1422px) 100vw, 1422px\" \/><\/div><\/div>                <\/div>\n            <\/div>\n\n            <div class=\"owl-dots owl-dots-a2bb1be\"><\/div>\n        <\/div>\n        \t\t\t\t<\/div>\n\t\t\t\t<\/div>\n\t\t\t\t\t<\/div>\n\t\t<\/div>\n\t\t\t\t\t<\/div>\n\t\t<\/section>\n\t\t\t\t<section class=\"elementor-section elementor-top-section elementor-element elementor-element-1281d8e elementor-section-boxed elementor-section-height-default elementor-section-height-default\" data-id=\"1281d8e\" data-element_type=\"section\" data-e-type=\"section\">\n\t\t\t\t\t\t<div class=\"elementor-container elementor-column-gap-default\">\n\t\t\t\t\t<div class=\"elementor-column elementor-col-50 elementor-top-column elementor-element elementor-element-f504aa1\" data-id=\"f504aa1\" data-element_type=\"column\" data-e-type=\"column\">\n\t\t\t<div class=\"elementor-widget-wrap elementor-element-populated\">\n\t\t\t\t\t\t<div class=\"elementor-element elementor-element-58806ae elementor-position-left elementor-vertical-align-middle elementor-widget elementor-widget-image-box\" data-id=\"58806ae\" data-element_type=\"widget\" data-e-type=\"widget\" data-widget_type=\"image-box.default\">\n\t\t\t\t<div class=\"elementor-widget-container\">\n\t\t\t\t\t<div class=\"elementor-image-box-wrapper\"><figure class=\"elementor-image-box-img\"><img loading=\"lazy\" decoding=\"async\" width=\"634\" height=\"750\" src=\"https:\/\/flamboyant-borg.188-165-133-218.plesk.page\/wp-content\/uploads\/2026\/05\/Harina-de-Mijo.jpg\" class=\"attachment-full size-full wp-image-27397\" alt=\"\" srcset=\"https:\/\/flamboyant-borg.188-165-133-218.plesk.page\/wp-content\/uploads\/2026\/05\/Harina-de-Mijo.jpg 634w, https:\/\/flamboyant-borg.188-165-133-218.plesk.page\/wp-content\/uploads\/2026\/05\/Harina-de-Mijo-254x300.jpg 254w, https:\/\/flamboyant-borg.188-165-133-218.plesk.page\/wp-content\/uploads\/2026\/05\/Harina-de-Mijo-600x710.jpg 600w\" sizes=\"(max-width: 634px) 100vw, 634px\" \/><\/figure><div class=\"elementor-image-box-content\"><h5 class=\"elementor-image-box-title\">Formato:<\/h5><p class=\"elementor-image-box-description\">Saco 25 Kg<\/p><\/div><\/div>\t\t\t\t<\/div>\n\t\t\t\t<\/div>\n\t\t\t\t\t<\/div>\n\t\t<\/div>\n\t\t\t\t<div class=\"elementor-column elementor-col-50 elementor-top-column elementor-element elementor-element-f357ace\" data-id=\"f357ace\" data-element_type=\"column\" data-e-type=\"column\">\n\t\t\t<div class=\"elementor-widget-wrap elementor-element-populated\">\n\t\t\t\t\t\t<div class=\"elementor-element elementor-element-2702a71 elementor-widget elementor-widget-text-editor\" data-id=\"2702a71\" data-element_type=\"widget\" data-e-type=\"widget\" data-widget_type=\"text-editor.default\">\n\t\t\t\t<div class=\"elementor-widget-container\">\n\t\t\t\t\t\t\t\t\t<h2 data-path-to-node=\"0\"><span style=\"color: #808080;\"><span style=\"color: #cfa948;\">Harina de Mijo Pelado Ecol\u00f3gico (MP) de Harinas Polo:<\/span> Equilibrio perfecto entre nutrici\u00f3n r\u00fastica integral y un rendimiento industrial.<\/span><\/h2>\t\t\t\t\t\t\t\t<\/div>\n\t\t\t\t<\/div>\n\t\t\t\t\t<\/div>\n\t\t<\/div>\n\t\t\t\t\t<\/div>\n\t\t<\/section>\n\t\t\t\t<section class=\"elementor-section elementor-top-section elementor-element elementor-element-ff46b69 elementor-section-boxed elementor-section-height-default elementor-section-height-default\" data-id=\"ff46b69\" data-element_type=\"section\" data-e-type=\"section\">\n\t\t\t\t\t\t<div class=\"elementor-container elementor-column-gap-default\">\n\t\t\t\t\t<div class=\"elementor-column elementor-col-100 elementor-top-column elementor-element elementor-element-5d11971\" data-id=\"5d11971\" data-element_type=\"column\" data-e-type=\"column\">\n\t\t\t<div class=\"elementor-widget-wrap elementor-element-populated\">\n\t\t\t\t\t\t<div class=\"elementor-element elementor-element-17197f9 elementor-widget elementor-widget-text-editor\" data-id=\"17197f9\" data-element_type=\"widget\" data-e-type=\"widget\" data-widget_type=\"text-editor.default\">\n\t\t\t\t<div class=\"elementor-widget-container\">\n\t\t\t\t\t\t\t\t\t<p id=\"p-rc_0eb4034b03a3e1d9-769\" data-path-to-node=\"1\"><span style=\"color: #808080;\">En el competitivo sector de la formulaci\u00f3n de alimentos, el desarrollo de perfiles sensoriales complejos y la simplificaci\u00f3n de las listas de ingredientes (<b data-path-to-node=\"1,0\" data-index-in-node=\"156\">clean label<\/b>) constituyen dos de los pilares m\u00e1s importantes para el \u00e9xito comercial. En este contexto, la <b data-path-to-node=\"1,2\" data-index-in-node=\"23\">Harina de Mijo Pelado Ecol\u00f3gico (MP)<\/b> de Harinas Polo (C\u00f3digo HP: 27470125) se alza como un ingrediente de especialidad sumamente vers\u00e1til y eficiente. Obtenida mediante la molturaci\u00f3n de grano de mijo pelado ecol\u00f3gico en molino de piedras, esta materia prima destaca por mantener la pureza del cereal tradicional completamente exenta de aditivos.<\/span><\/p><p id=\"p-rc_0eb4034b03a3e1d9-770\" data-path-to-node=\"2\"><span style=\"color: #808080;\">A trav\u00e9s de la molienda artesanal en piedra, el grano pelado conserva sus cualidades nutricionales nativas sin sufrir sobrecalentamientos t\u00e9rmicos. Esto multiplica sus aplicaciones tecnol\u00f3gicas al actuar como un potente pilar de sabor, color y retenci\u00f3n de humedad para panes biol\u00f3gicos de alta gama y otros productos horneados.<\/span><\/p>\t\t\t\t\t\t\t\t<\/div>\n\t\t\t\t<\/div>\n\t\t\t\t\t<\/div>\n\t\t<\/div>\n\t\t\t\t\t<\/div>\n\t\t<\/section>\n\t\t\t\t<section class=\"elementor-section elementor-top-section elementor-element elementor-element-576dde0 elementor-section-boxed elementor-section-height-default elementor-section-height-default\" data-id=\"576dde0\" data-element_type=\"section\" data-e-type=\"section\">\n\t\t\t\t\t\t<div class=\"elementor-container elementor-column-gap-default\">\n\t\t\t\t\t<div class=\"elementor-column elementor-col-100 elementor-top-column elementor-element elementor-element-dc6fa0c\" data-id=\"dc6fa0c\" data-element_type=\"column\" data-e-type=\"column\">\n\t\t\t<div class=\"elementor-widget-wrap elementor-element-populated\">\n\t\t\t\t\t\t<div class=\"elementor-element elementor-element-0db058f elementor-widget elementor-widget-text-editor\" data-id=\"0db058f\" data-element_type=\"widget\" data-e-type=\"widget\" data-widget_type=\"text-editor.default\">\n\t\t\t\t<div class=\"elementor-widget-container\">\n\t\t\t\t\t\t\t\t\t<h2 data-path-to-node=\"4\"><span style=\"color: #cfa948;\">Transformaci\u00f3n F\u00edsica y Propiedades Tecnol\u00f3gicas.<\/span><\/h2><p data-path-to-node=\"5\"><span style=\"color: #808080;\">El proceso de molturaci\u00f3n en piedra dota a esta harina de mijo de una serie de atributos f\u00edsicos y qu\u00edmicos estandarizados que optimizan su rendimiento en las l\u00edneas de producci\u00f3n:<\/span><\/p>\t\t\t\t\t\t\t\t<\/div>\n\t\t\t\t<\/div>\n\t\t\t\t<div class=\"elementor-element elementor-element-1453c8c elementor-widget elementor-widget-spacer\" data-id=\"1453c8c\" data-element_type=\"widget\" data-e-type=\"widget\" data-widget_type=\"spacer.default\">\n\t\t\t\t<div class=\"elementor-widget-container\">\n\t\t\t\t\t\t\t<div class=\"elementor-spacer\">\n\t\t\t<div class=\"elementor-spacer-inner\"><\/div>\n\t\t<\/div>\n\t\t\t\t\t\t<\/div>\n\t\t\t\t<\/div>\n\t\t\t\t<section class=\"elementor-section elementor-inner-section elementor-element elementor-element-05bad80 elementor-section-boxed elementor-section-height-default elementor-section-height-default\" data-id=\"05bad80\" data-element_type=\"section\" data-e-type=\"section\">\n\t\t\t\t\t\t<div class=\"elementor-container elementor-column-gap-wider\">\n\t\t\t\t\t<div class=\"elementor-column elementor-col-50 elementor-inner-column elementor-element elementor-element-e82d9e0\" data-id=\"e82d9e0\" data-element_type=\"column\" data-e-type=\"column\">\n\t\t\t<div class=\"elementor-widget-wrap elementor-element-populated\">\n\t\t\t\t\t\t<div class=\"elementor-element elementor-element-4709a1b elementor-widget elementor-widget-text-editor\" data-id=\"4709a1b\" data-element_type=\"widget\" data-e-type=\"widget\" data-widget_type=\"text-editor.default\">\n\t\t\t\t<div class=\"elementor-widget-container\">\n\t\t\t\t\t\t\t\t\t<p data-path-to-node=\"7\"><span data-path-to-node=\"6,0,0,0\"><b data-path-to-node=\"6,0,0,0\" data-index-in-node=\"0\">Granulometr\u00eda y Textura Fina:<\/b> <span style=\"color: #808080;\">El molino de piedra genera un perfil de part\u00edculas equilibrado, registrando como m\u00e1ximo un <b data-path-to-node=\"6,0,0,0\" data-index-in-node=\"121\">15.0% de part\u00edculas mayores de 400 micras<\/b><\/span><\/span><span style=\"color: #808080;\">. Esta finura asegura una correcta hidrataci\u00f3n y una textura id\u00f3nea en el producto final. <\/span><\/p>\t\t\t\t\t\t\t\t<\/div>\n\t\t\t\t<\/div>\n\t\t\t\t\t<\/div>\n\t\t<\/div>\n\t\t\t\t<div class=\"elementor-column elementor-col-50 elementor-inner-column elementor-element elementor-element-c49f033\" data-id=\"c49f033\" data-element_type=\"column\" data-e-type=\"column\">\n\t\t\t<div class=\"elementor-widget-wrap elementor-element-populated\">\n\t\t\t\t\t\t<div class=\"elementor-element elementor-element-3a85e37 elementor-widget elementor-widget-text-editor\" data-id=\"3a85e37\" data-element_type=\"widget\" data-e-type=\"widget\" data-widget_type=\"text-editor.default\">\n\t\t\t\t<div class=\"elementor-widget-container\">\n\t\t\t\t\t\t\t\t\t<p data-path-to-node=\"9\"><span data-path-to-node=\"6,1,0,0\"><b data-path-to-node=\"6,1,0,0\" data-index-in-node=\"0\">Control de Componentes Nativos:<\/b> <span style=\"color: #808080;\">El descascarillado previo del grano se traduce en un contenido de <b data-path-to-node=\"6,1,0,0\" data-index-in-node=\"98\">cenizas &lt; 4.0%<\/b> y un nivel de <b data-path-to-node=\"6,1,0,0\" data-index-in-node=\"127\">materia grasa &lt; 4.0%<\/b><\/span><\/span><span style=\"color: #808080;\">. Esto confiere un valor mineral controlado y una excelente estabilidad lip\u00eddica natural.<\/span><\/p>\t\t\t\t\t\t\t\t<\/div>\n\t\t\t\t<\/div>\n\t\t\t\t\t<\/div>\n\t\t<\/div>\n\t\t\t\t\t<\/div>\n\t\t<\/section>\n\t\t\t\t<section class=\"elementor-section elementor-inner-section elementor-element elementor-element-4ac9e55 elementor-section-boxed elementor-section-height-default elementor-section-height-default\" data-id=\"4ac9e55\" data-element_type=\"section\" data-e-type=\"section\">\n\t\t\t\t\t\t<div class=\"elementor-container elementor-column-gap-wider\">\n\t\t\t\t\t<div class=\"elementor-column elementor-col-50 elementor-inner-column elementor-element elementor-element-59a9c71\" data-id=\"59a9c71\" data-element_type=\"column\" data-e-type=\"column\">\n\t\t\t<div class=\"elementor-widget-wrap elementor-element-populated\">\n\t\t\t\t\t\t<div class=\"elementor-element elementor-element-52a12d5 elementor-widget elementor-widget-text-editor\" data-id=\"52a12d5\" data-element_type=\"widget\" data-e-type=\"widget\" data-widget_type=\"text-editor.default\">\n\t\t\t\t<div class=\"elementor-widget-container\">\n\t\t\t\t\t\t\t\t\t<p data-path-to-node=\"7\"><span data-path-to-node=\"6,2,0,0\"><b data-path-to-node=\"6,2,0,0\" data-index-in-node=\"0\">Rendimiento de Prote\u00edna Org\u00e1nica:<\/b> <span style=\"color: #808080;\">Cuenta con un valor de <b data-path-to-node=\"6,2,0,0\" data-index-in-node=\"57\">prote\u00edna &gt; 10.0%<\/b><\/span><\/span><span style=\"color: #808080;\">. Aunque las prote\u00ednas del mijo no forman una red de gluten el\u00e1stica, su concentraci\u00f3n es fundamental para aportar densidad nutricional y consistencia a la miga. <\/span><\/p>\t\t\t\t\t\t\t\t<\/div>\n\t\t\t\t<\/div>\n\t\t\t\t\t<\/div>\n\t\t<\/div>\n\t\t\t\t<div class=\"elementor-column elementor-col-50 elementor-inner-column elementor-element elementor-element-4a97215\" data-id=\"4a97215\" data-element_type=\"column\" data-e-type=\"column\">\n\t\t\t<div class=\"elementor-widget-wrap elementor-element-populated\">\n\t\t\t\t\t\t<div class=\"elementor-element elementor-element-1d261a6 elementor-widget elementor-widget-text-editor\" data-id=\"1d261a6\" data-element_type=\"widget\" data-e-type=\"widget\" data-widget_type=\"text-editor.default\">\n\t\t\t\t<div class=\"elementor-widget-container\">\n\t\t\t\t\t\t\t\t\t<p data-path-to-node=\"9\"><span data-path-to-node=\"6,3,0,0\"><b data-path-to-node=\"6,3,0,0\" data-index-in-node=\"0\">Atributos Sensoriales Distintivos:<\/b> <span style=\"color: #808080;\">Presenta una llamativa coloraci\u00f3n <b data-path-to-node=\"6,3,0,0\" data-index-in-node=\"69\">amarilla<\/b> en polvo<\/span><\/span><span style=\"color: #808080;\">. Despliega el aroma y sabor t\u00edpicos del cereal, estando completamente libre de notas extra\u00f1as. Al tratarse de un producto agr\u00edcola natural, se pueden percibir variaciones clim\u00e1ticas o geogr\u00e1ficas normales en el lote. <\/span><\/p>\t\t\t\t\t\t\t\t<\/div>\n\t\t\t\t<\/div>\n\t\t\t\t\t<\/div>\n\t\t<\/div>\n\t\t\t\t\t<\/div>\n\t\t<\/section>\n\t\t\t\t\t<\/div>\n\t\t<\/div>\n\t\t\t\t\t<\/div>\n\t\t<\/section>\n\t\t\t\t<section class=\"elementor-section elementor-top-section elementor-element elementor-element-60b2bb9 elementor-section-boxed elementor-section-height-default elementor-section-height-default\" data-id=\"60b2bb9\" data-element_type=\"section\" data-e-type=\"section\">\n\t\t\t\t\t\t<div class=\"elementor-container elementor-column-gap-default\">\n\t\t\t\t\t<div class=\"elementor-column elementor-col-100 elementor-top-column elementor-element elementor-element-04e1908\" data-id=\"04e1908\" data-element_type=\"column\" data-e-type=\"column\">\n\t\t\t<div class=\"elementor-widget-wrap elementor-element-populated\">\n\t\t\t\t\t\t<div class=\"elementor-element elementor-element-486bbbc elementor-widget elementor-widget-text-editor\" data-id=\"486bbbc\" data-element_type=\"widget\" data-e-type=\"widget\" data-widget_type=\"text-editor.default\">\n\t\t\t\t<div class=\"elementor-widget-container\">\n\t\t\t\t\t\t\t\t\t<h2 data-path-to-node=\"8\"><span style=\"font-size: 28px;\"><span style=\"font-size: 36px; color: #cfa948;\">Cuadro Nutricional Oficial Completo<\/span> <span style=\"color: #808080;\">(Por cada 100g)<\/span><\/span><\/h2><div class=\"horizontal-scroll-wrapper\"><div class=\"horizontal-scroll-wrapper\"><table data-path-to-node=\"9\"><thead><tr><td><span style=\"color: #cfa948;\"><strong>Componente Anal\u00edtico<\/strong><\/span><\/td><td><span style=\"color: #cfa948;\"><strong>Valor Promedio por 100g<\/strong><\/span><\/td><td><span style=\"color: #cfa948;\"><strong>Funcionalidad e Impacto Industrial<\/strong><\/span><\/td><\/tr><\/thead><tbody><tr><td><span style=\"color: #cfa948;\" data-path-to-node=\"9,1,0,0\"><b data-path-to-node=\"9,1,0,0\" data-index-in-node=\"0\">Carbohidratos<\/b><\/span><\/td><td><span style=\"color: #808080;\" data-path-to-node=\"9,1,1,0\"><b data-path-to-node=\"9,1,1,0\" data-index-in-node=\"0\">67.4 g<\/b><\/span><\/td><td><p id=\"p-rc_0eb4034b03a3e1d9-775\" data-path-to-node=\"9,1,2,0\"><span style=\"color: #808080;\">Fuente energ\u00e9tica principal constituida mayoritariamente por almidones complejos.<\/span><\/p><\/td><\/tr><tr><td><span style=\"color: #808080;\" data-path-to-node=\"9,2,0,0\">\u00a0\u00a0\u00a0\u00a0<i data-path-to-node=\"9,2,0,0\" data-index-in-node=\"4\">De los cuales Az\u00facares<\/i><\/span><\/td><td><span style=\"color: #808080;\" data-path-to-node=\"9,2,1,0\">0.20 g<\/span><\/td><td><p id=\"p-rc_0eb4034b03a3e1d9-776\" data-path-to-node=\"9,2,2,0\"><span style=\"color: #808080;\">Aporte m\u00ednimo de az\u00facares simples, ideal para un control gluc\u00e9mico estricto en la receta.<\/span><\/p><\/td><\/tr><tr><td><span style=\"color: #cfa948;\" data-path-to-node=\"9,3,0,0\"><b data-path-to-node=\"9,3,0,0\" data-index-in-node=\"0\">Prote\u00ednas<\/b><\/span><\/td><td><span style=\"color: #808080;\" data-path-to-node=\"9,3,1,0\"><b data-path-to-node=\"9,3,1,0\" data-index-in-node=\"0\">9.6 g<\/b><\/span><\/td><td><p id=\"p-rc_0eb4034b03a3e1d9-777\" data-path-to-node=\"9,3,2,0\"><span style=\"color: #808080;\">Contribuci\u00f3n de amino\u00e1cidos del grano pelado que enriquecen el valor biol\u00f3gico.<\/span><\/p><\/td><\/tr><tr><td><span style=\"color: #cfa948;\" data-path-to-node=\"9,4,0,0\"><b data-path-to-node=\"9,4,0,0\" data-index-in-node=\"0\">Grasas<\/b><\/span><\/td><td><span style=\"color: #808080;\" data-path-to-node=\"9,4,1,0\"><b data-path-to-node=\"9,4,1,0\" data-index-in-node=\"0\">3.2 g<\/b><\/span><\/td><td><p id=\"p-rc_0eb4034b03a3e1d9-778\" data-path-to-node=\"9,4,2,0\"><span style=\"color: #808080;\">Contenido lip\u00eddico nativo procedente del germen del mijo ecol\u00f3gico.<\/span><\/p><\/td><\/tr><tr><td><span style=\"color: #808080;\" data-path-to-node=\"9,5,0,0\">\u00a0\u00a0\u00a0\u00a0<i data-path-to-node=\"9,5,0,0\" data-index-in-node=\"4\">Saturadas<\/i><\/span><\/td><td><span style=\"color: #808080;\" data-path-to-node=\"9,5,1,0\">0.4 g<\/span><\/td><td><p id=\"p-rc_0eb4034b03a3e1d9-779\" data-path-to-node=\"9,5,2,0\"><span style=\"color: #808080;\">Fracci\u00f3n muy baja de \u00e1cidos grasos saturados.<\/span><\/p><\/td><\/tr><tr><td><span style=\"color: #808080;\" data-path-to-node=\"9,6,0,0\">\u00a0\u00a0\u00a0\u00a0<i data-path-to-node=\"9,6,0,0\" data-index-in-node=\"4\">Omega-6 (\u00c1c. Linoleico)<\/i><\/span><\/td><td><span style=\"color: #808080;\" data-path-to-node=\"9,6,1,0\">2.02 g<\/span><\/td><td><p id=\"p-rc_0eb4034b03a3e1d9-780\" data-path-to-node=\"9,6,2,0\"><span style=\"color: #808080;\">Importante aporte de \u00e1cidos grasos esenciales poliinsaturados.<\/span><\/p><\/td><\/tr><tr><td><span style=\"color: #cfa948;\" data-path-to-node=\"9,7,0,0\"><b data-path-to-node=\"9,7,0,0\" data-index-in-node=\"0\">Fibra<\/b><\/span><\/td><td><span style=\"color: #808080;\" data-path-to-node=\"9,7,1,0\"><b data-path-to-node=\"9,7,1,0\" data-index-in-node=\"0\">6.4 g<\/b><\/span><\/td><td><p id=\"p-rc_0eb4034b03a3e1d9-781\" data-path-to-node=\"9,7,2,0\"><span style=\"color: #808080;\">Buen aporte de fibra diet\u00e9tica, responsable de modular la absorci\u00f3n de agua en la masa.<\/span><\/p><\/td><\/tr><tr><td><span style=\"color: #cfa948;\" data-path-to-node=\"9,8,0,0\"><b data-path-to-node=\"9,8,0,0\" data-index-in-node=\"0\">Cenizas<\/b><\/span><\/td><td><span style=\"color: #808080;\" data-path-to-node=\"9,8,1,0\">1.01 g<\/span><\/td><td><p id=\"p-rc_0eb4034b03a3e1d9-782\" data-path-to-node=\"9,8,2,0\"><span style=\"color: #808080;\">Mineralizaci\u00f3n nativa remanente tras el proceso de pelado del grano.<\/span><\/p><\/td><\/tr><tr><td><span style=\"color: #cfa948;\" data-path-to-node=\"9,9,0,0\"><b data-path-to-node=\"9,9,0,0\" data-index-in-node=\"0\">Agua (Humedad)<\/b><\/span><\/td><td><span style=\"color: #808080;\" data-path-to-node=\"9,9,1,0\">8.90 g<\/span><\/td><td><p id=\"p-rc_0eb4034b03a3e1d9-783\" data-path-to-node=\"9,9,2,0\"><span style=\"color: #808080;\">Humedad interna baja, marcadamente inferior al l\u00edmite legal m\u00e1ximo de &lt; 12.0%.<\/span><\/p><\/td><\/tr><tr><td><span style=\"color: #cfa948;\" data-path-to-node=\"9,10,0,0\"><b data-path-to-node=\"9,10,0,0\" data-index-in-node=\"0\">Vitamina E<\/b><\/span><\/td><td><span style=\"color: #808080;\" data-path-to-node=\"9,10,1,0\">0.1 mg<\/span><\/td><td><p id=\"p-rc_0eb4034b03a3e1d9-784\" data-path-to-node=\"9,10,2,0\"><span style=\"color: #808080;\">Presencia de antioxidantes naturales que protegen la estabilidad del producto.<\/span><\/p><\/td><\/tr><tr><td><span style=\"color: #cfa948;\" data-path-to-node=\"9,11,0,0\"><b data-path-to-node=\"9,11,0,0\" data-index-in-node=\"0\">Sal \/ Sodio Equivalente<\/b><\/span><\/td><td><span style=\"color: #808080;\" data-path-to-node=\"9,11,1,0\">12.5 mg \/ 5 mg<\/span><\/td><td><p id=\"p-rc_0eb4034b03a3e1d9-785\" data-path-to-node=\"9,11,2,0\"><span style=\"color: #808080;\">Contenido de sodio nativo sumamente bajo, ideal para f\u00f3rmulas reducidas en sal.<\/span><\/p><\/td><\/tr><tr><td><span style=\"color: #cfa948;\" data-path-to-node=\"9,12,0,0\"><b data-path-to-node=\"9,12,0,0\" data-index-in-node=\"0\">VALOR ENERG\u00c9TICO<\/b><\/span><\/td><td><span style=\"color: #808080;\" data-path-to-node=\"9,12,1,0\"><b data-path-to-node=\"9,12,1,0\" data-index-in-node=\"0\">350 Kcal \/ 1475 KJ<\/b><\/span><\/td><td><p id=\"p-rc_0eb4034b03a3e1d9-786\" data-path-to-node=\"9,12,2,0\"><span style=\"color: #808080;\">Densidad cal\u00f3rica limpia procedente de un grano de cultivo biol\u00f3gico.<\/span><\/p><\/td><\/tr><\/tbody><\/table><\/div><\/div>\t\t\t\t\t\t\t\t<\/div>\n\t\t\t\t<\/div>\n\t\t\t\t\t<\/div>\n\t\t<\/div>\n\t\t\t\t\t<\/div>\n\t\t<\/section>\n\t\t\t\t<section class=\"elementor-section elementor-top-section elementor-element elementor-element-e03bbbd elementor-section-boxed elementor-section-height-default elementor-section-height-default\" data-id=\"e03bbbd\" data-element_type=\"section\" data-e-type=\"section\">\n\t\t\t\t\t\t<div class=\"elementor-container elementor-column-gap-default\">\n\t\t\t\t\t<div class=\"elementor-column elementor-col-100 elementor-top-column elementor-element elementor-element-02b3a7e\" data-id=\"02b3a7e\" data-element_type=\"column\" data-e-type=\"column\">\n\t\t\t<div class=\"elementor-widget-wrap elementor-element-populated\">\n\t\t\t\t\t\t<div class=\"elementor-element elementor-element-71d5f11 elementor-widget elementor-widget-text-editor\" data-id=\"71d5f11\" data-element_type=\"widget\" data-e-type=\"widget\" data-widget_type=\"text-editor.default\">\n\t\t\t\t<div class=\"elementor-widget-container\">\n\t\t\t\t\t\t\t\t\t<h2 data-path-to-node=\"11\"><span style=\"color: #cfa948;\">Principales Aplicaciones Industriales y Dosificaci\u00f3n.<\/span><\/h2><p id=\"p-rc_0eb4034b03a3e1d9-787\" data-path-to-node=\"12\"><span style=\"color: #808080;\">La Harina de Mijo Pelado Ecol\u00f3gico (MP) est\u00e1 catalogada como un producto intermedio para consumo humano que requiere una transformaci\u00f3n previa mediante amasado y horneado antes de su uso. Sus aplicaciones destacan en el sector industrial gracias a sus propiedades \u00fanicas:<\/span><\/p><h3 data-path-to-node=\"13\"><span style=\"color: #808080;\">1. <span style=\"color: #cfa948;\">Panificaci\u00f3n Ecol\u00f3gica y Masas Madre Especiales:<\/span><\/span><\/h3><ul data-path-to-node=\"14\"><li><p id=\"p-rc_0eb4034b03a3e1d9-788\" data-path-to-node=\"14,0,0\"><span style=\"color: #808080;\"><span style=\"color: #333333;\"><b data-path-to-node=\"14,0,0,0\" data-index-in-node=\"0\">Dosificaci\u00f3n:<\/b><\/span> <b data-path-to-node=\"14,0,0,0\" data-index-in-node=\"14\">Sin porcentaje m\u00ednimo o m\u00e1ximo recomendado<\/b>.<\/span><\/p><\/li><li><p id=\"p-rc_0eb4034b03a3e1d9-789\" data-path-to-node=\"14,1,0\"><span style=\"color: #808080;\"><span style=\"color: #333333;\"><b data-path-to-node=\"14,1,0,0\" data-index-in-node=\"0\">Efecto:<\/b><\/span> Al contar con la certificaci\u00f3n oficial ecol\u00f3gica bajo el sello <b data-path-to-node=\"14,1,0,0\" data-index-in-node=\"71\">ES-ECO-006-AR (Agricultura No UE)<\/b> y el <b data-path-to-node=\"14,1,0,0\" data-index-in-node=\"110\">N\u00ba Registro CAAE: AR-0349\/E<\/b>, es el ingrediente perfecto para panes biol\u00f3gicos de especialidad. Su uso aporta un sutil tono dorado a la miga y un perfil arom\u00e1tico tradicional muy cotizado en el mercado premium.<\/span><\/p><\/li><\/ul><h3 data-path-to-node=\"15\"><span style=\"color: #808080;\">2. <span style=\"color: #cfa948;\">Formulaci\u00f3n de Galletas y Reposter\u00eda Saludable \u00abClean Label\u00bb:<\/span><\/span><\/h3><ul data-path-to-node=\"16\"><li><p id=\"p-rc_0eb4034b03a3e1d9-790\" data-path-to-node=\"16,0,0\"><span style=\"color: #808080;\"><span style=\"color: #333333;\"><b data-path-to-node=\"16,0,0,0\" data-index-in-node=\"0\">Dosificaci\u00f3n:<\/b><\/span> Ajustable seg\u00fan las especificaciones de la matriz alimentaria.<\/span><\/p><\/li><li><p id=\"p-rc_0eb4034b03a3e1d9-791\" data-path-to-node=\"16,1,0\"><span style=\"color: #808080;\"><span style=\"color: #333333;\"><b data-path-to-node=\"16,1,0,0\" data-index-in-node=\"0\">Efecto:<\/b><\/span> Gracias al empleo de grano pelado y molido en piedra, se mitiga el amargor que a veces aporta la cascarilla externa del mijo, ofreciendo un sabor mucho m\u00e1s suave y l\u00e1cteo. Permite estructurar masas quebradas, galletas y bizcochos con una etiqueta limpia (<b data-path-to-node=\"16,1,0,0\" data-index-in-node=\"263\">0% aditivos<\/b>) y un excelente perfil de \u00e1cidos grasos esenciales Omega-6 (2.02 g).<\/span><\/p><\/li><\/ul>\t\t\t\t\t\t\t\t<\/div>\n\t\t\t\t<\/div>\n\t\t\t\t\t<\/div>\n\t\t<\/div>\n\t\t\t\t\t<\/div>\n\t\t<\/section>\n\t\t\t\t<section class=\"elementor-section elementor-top-section elementor-element elementor-element-19b03ce elementor-section-boxed elementor-section-height-default elementor-section-height-default\" data-id=\"19b03ce\" data-element_type=\"section\" data-e-type=\"section\">\n\t\t\t\t\t\t<div class=\"elementor-container elementor-column-gap-default\">\n\t\t\t\t\t<div class=\"elementor-column elementor-col-50 elementor-top-column elementor-element elementor-element-beebfe3\" data-id=\"beebfe3\" data-element_type=\"column\" data-e-type=\"column\">\n\t\t\t<div class=\"elementor-widget-wrap elementor-element-populated\">\n\t\t\t\t\t\t<div class=\"elementor-element elementor-element-9779cc0 elementor-widget elementor-widget-text-editor\" data-id=\"9779cc0\" data-element_type=\"widget\" data-e-type=\"widget\" data-widget_type=\"text-editor.default\">\n\t\t\t\t<div class=\"elementor-widget-container\">\n\t\t\t\t\t\t\t\t\t<h3 data-path-to-node=\"18\"><span style=\"color: #808080;\"><span style=\"color: #cfa948;\">Gesti\u00f3n de Al\u00e9rgenos y Certificaci\u00f3n Ecol\u00f3gica<\/span> <span style=\"font-size: 28px;\">(Reg. UE 1169\/2011).<\/span><\/span><\/h3><p id=\"p-rc_0eb4034b03a3e1d9-792\" data-path-to-node=\"19\"><span style=\"color: #808080;\">A pesar de que el mijo es un cereal libre de gluten por naturaleza, la ficha t\u00e9cnica oficial del archivo <b data-path-to-node=\"19,0\" data-index-in-node=\"105\">FT27470125 &#8211; Versi\u00f3n 07-Mayo 25-L<\/b> especifica de forma estricta el control de al\u00e9rgenos debido al entorno de producci\u00f3n agr\u00edcola e industrial:<\/span><\/p><ul data-path-to-node=\"20\"><li><p id=\"p-rc_0eb4034b03a3e1d9-793\" data-path-to-node=\"20,0,0\"><span style=\"color: #808080;\"><span style=\"color: #333333;\"><b data-path-to-node=\"20,0,0,0\" data-index-in-node=\"0\">Presencia de Al\u00e9rgenos por Contaminaci\u00f3n Cruzada:<\/b> <\/span>El etiquetado del producto debe declarar <b data-path-to-node=\"20,0,0,0\" data-index-in-node=\"91\">\u00abPosibles trazas: Gluten\u00bb<\/b>.<\/span><\/p><\/li><li><p data-path-to-node=\"20,1,0\"><span style=\"color: #333333;\"><b data-path-to-node=\"20,1,0\" data-index-in-node=\"0\">Evaluaci\u00f3n del Riesgo en Planta:<\/b><\/span><\/p><ul data-path-to-node=\"20,1,1\"><li><p id=\"p-rc_0eb4034b03a3e1d9-794\" data-path-to-node=\"20,1,1,0,0\"><span style=\"color: #808080;\"><span style=\"color: #333333;\"><b data-path-to-node=\"20,1,1,0,0,0\" data-index-in-node=\"0\">Gluten:<\/b><\/span> No forma parte de los ingredientes (No), pero existe riesgo de presencia en la misma l\u00ednea (Trazas L), en planta (PP) y en la materia prima por contaminaci\u00f3n en cosecha\/transporte (Trazas MP). Por tanto, <b data-path-to-node=\"20,1,1,0,0,2\" data-index-in-node=\"13\">existe riesgo de contaminaci\u00f3n cruzada (S\u00ed)<\/b>.<\/span><\/p><\/li><li><p id=\"p-rc_0eb4034b03a3e1d9-795\" data-path-to-node=\"20,1,1,1,0\"><span style=\"color: #808080;\"><span style=\"color: #333333;\"><b data-path-to-node=\"20,1,1,1,0,0\" data-index-in-node=\"0\">Soja:<\/b> <\/span>Control preventivo dentro de las instalaciones; presente en la planta en zonas separadas (PP), sin riesgo en l\u00ednea.<\/span><\/p><\/li><li><p id=\"p-rc_0eb4034b03a3e1d9-796\" data-path-to-node=\"20,1,1,2,0\"><span style=\"color: #808080;\"><span style=\"color: #333333;\"><b data-path-to-node=\"20,1,1,2,0,0\" data-index-in-node=\"0\">Granos de s\u00e9samo:<\/b><\/span> Control preventivo en planta; presente en zonas totalmente separadas (PP).<\/span><\/p><\/li><\/ul><\/li><li><p id=\"p-rc_0eb4034b03a3e1d9-797\" data-path-to-node=\"20,2,0\"><span style=\"color: #808080;\"><span style=\"color: #333333;\"><b data-path-to-node=\"20,2,0,0\" data-index-in-node=\"0\">Garant\u00eda de Pureza Absoluta:<\/b><\/span> Producto certificado con <b data-path-to-node=\"20,2,0,0\" data-index-in-node=\"54\">0% Aditivos<\/b>. No est\u00e1 sometido a las normas de etiquetado de Organismos Modificados Gen\u00e9ticamente (No OGM seg\u00fan Reg. 1829\/2003 y 1830\/2003) y no ha recibido tratamientos con radiaciones ionizantes.<\/span><\/p><\/li><\/ul>\t\t\t\t\t\t\t\t<\/div>\n\t\t\t\t<\/div>\n\t\t\t\t\t<\/div>\n\t\t<\/div>\n\t\t\t\t<div class=\"elementor-column elementor-col-50 elementor-top-column elementor-element elementor-element-20ee274\" data-id=\"20ee274\" data-element_type=\"column\" data-e-type=\"column\">\n\t\t\t<div class=\"elementor-widget-wrap elementor-element-populated\">\n\t\t\t\t\t\t<div class=\"elementor-element elementor-element-b4b508f elementor-widget elementor-widget-text-editor\" data-id=\"b4b508f\" data-element_type=\"widget\" data-e-type=\"widget\" data-widget_type=\"text-editor.default\">\n\t\t\t\t<div class=\"elementor-widget-container\">\n\t\t\t\t\t\t\t\t\t<h3 data-path-to-node=\"22\"><span style=\"color: #cfa948;\">Log\u00edstica, Envasado y Directrices de Seguridad.<\/span><\/h3><ul data-path-to-node=\"23\"><li><p data-path-to-node=\"23,0,0\"><span style=\"color: #333333;\"><b data-path-to-node=\"23,0,0\" data-index-in-node=\"0\">Formatos de Suministro Industrial:<\/b><\/span><\/p><ul data-path-to-node=\"23,0,1\"><li><p id=\"p-rc_0eb4034b03a3e1d9-798\" data-path-to-node=\"23,0,1,0,0\"><span style=\"color: #808080;\"><span style=\"color: #333333;\"><b data-path-to-node=\"23,0,1,0,0,0\" data-index-in-node=\"0\">Sacos de 25 kg:<\/b><\/span> Confeccionados en papel multicapa de alta resistencia apto para uso alimentario (Reg. UE 10\/2011) con sistema de cierre <b data-path-to-node=\"23,0,1,0,0,0\" data-index-in-node=\"136\">cosido<\/b>. Paletizado estandarizado sobre Palet Europeo (120&#215;80 cm), compuesto por 20 sacos que consolidan una carga neta de 500 kg por palet. Se exige estrictamente su conservaci\u00f3n aislado del suelo.<\/span><\/p><\/li><li><p id=\"p-rc_0eb4034b03a3e1d9-799\" data-path-to-node=\"23,0,1,1,0\"><span style=\"color: #808080;\">Nota: El suministro sobre palets de pl\u00e1stico higi\u00e9nico debe ser solicitado expresamente por el cliente.<\/span><\/p><\/li><\/ul><\/li><li><p id=\"p-rc_0eb4034b03a3e1d9-800\" data-path-to-node=\"23,1,0\"><span style=\"color: #808080;\"><span style=\"color: #333333;\"><b data-path-to-node=\"23,1,0,0\" data-index-in-node=\"0\">Vida \u00datil y Almacenamiento:<\/b><\/span> Consumo preferente fijado en <b data-path-to-node=\"23,1,0,0\" data-index-in-node=\"57\">3 meses<\/b> desde la fecha de producci\u00f3n en saco cerrado. Almacenar en condiciones ambientales frescas, secas y completamente protegidas de la luz directa del sol.<\/span><\/p><\/li><li><p id=\"p-rc_0eb4034b03a3e1d9-801\" data-path-to-node=\"23,2,0\"><span style=\"color: #808080;\"><span style=\"color: #333333;\"><b data-path-to-node=\"23,2,0,0\" data-index-in-node=\"0\">Prevenci\u00f3n de Riesgos en Planta:<\/b> <\/span>El contenido de su ficha concuerda con el Reglamento (CE) 1907\/2006. Sustancia pulverulenta clasificada como sensibilizante por inhalaci\u00f3n. El polvo en suspensi\u00f3n puede generar afecciones u opacidad ocular por contacto directo. Registra un riesgo de explosi\u00f3n d\u00e9bil; debido a su granulometr\u00eda y poder calor\u00edfico, en condiciones atmosf\u00e9ricas especiales, podr\u00eda generar atm\u00f3sferas explosivas en contacto con fuentes de ignici\u00f3n, debiendo adaptar las directrices de seguridad al puesto de trabajo.<\/span><\/p><\/li><\/ul>\t\t\t\t\t\t\t\t<\/div>\n\t\t\t\t<\/div>\n\t\t\t\t\t<\/div>\n\t\t<\/div>\n\t\t\t\t\t<\/div>\n\t\t<\/section>\n\t\t\t\t<section class=\"elementor-section elementor-top-section elementor-element elementor-element-22f1228 elementor-section-boxed elementor-section-height-default elementor-section-height-default\" data-id=\"22f1228\" data-element_type=\"section\" data-e-type=\"section\">\n\t\t\t\t\t\t<div class=\"elementor-container elementor-column-gap-default\">\n\t\t\t\t\t<div class=\"elementor-column elementor-col-50 elementor-top-column elementor-element elementor-element-da73b8f\" data-id=\"da73b8f\" data-element_type=\"column\" data-e-type=\"column\">\n\t\t\t<div class=\"elementor-widget-wrap elementor-element-populated\">\n\t\t\t\t\t\t<div class=\"elementor-element elementor-element-71fe2f8 elementor-widget elementor-widget-image\" data-id=\"71fe2f8\" data-element_type=\"widget\" data-e-type=\"widget\" data-widget_type=\"image.default\">\n\t\t\t\t<div class=\"elementor-widget-container\">\n\t\t\t\t\t\t\t\t\t\t\t\t\t\t\t<img loading=\"lazy\" decoding=\"async\" width=\"300\" height=\"126\" src=\"https:\/\/flamboyant-borg.188-165-133-218.plesk.page\/wp-content\/uploads\/2026\/05\/FAQ2026-300x126.png\" class=\"attachment-medium size-medium wp-image-26587\" alt=\"\" srcset=\"https:\/\/flamboyant-borg.188-165-133-218.plesk.page\/wp-content\/uploads\/2026\/05\/FAQ2026-300x126.png 300w, https:\/\/flamboyant-borg.188-165-133-218.plesk.page\/wp-content\/uploads\/2026\/05\/FAQ2026-1024x430.png 1024w, https:\/\/flamboyant-borg.188-165-133-218.plesk.page\/wp-content\/uploads\/2026\/05\/FAQ2026-768x323.png 768w, https:\/\/flamboyant-borg.188-165-133-218.plesk.page\/wp-content\/uploads\/2026\/05\/FAQ2026-600x252.png 600w, https:\/\/flamboyant-borg.188-165-133-218.plesk.page\/wp-content\/uploads\/2026\/05\/FAQ2026.png 1459w\" sizes=\"(max-width: 300px) 100vw, 300px\" \/>\t\t\t\t\t\t\t\t\t\t\t\t\t\t\t<\/div>\n\t\t\t\t<\/div>\n\t\t\t\t\t<\/div>\n\t\t<\/div>\n\t\t\t\t<div class=\"elementor-column elementor-col-50 elementor-top-column elementor-element elementor-element-3417ecb\" data-id=\"3417ecb\" data-element_type=\"column\" data-e-type=\"column\">\n\t\t\t<div class=\"elementor-widget-wrap elementor-element-populated\">\n\t\t\t\t\t\t<div class=\"elementor-element elementor-element-edc1c25 elementor-widget elementor-widget-toggle\" data-id=\"edc1c25\" data-element_type=\"widget\" data-e-type=\"widget\" data-widget_type=\"toggle.default\">\n\t\t\t\t<div class=\"elementor-widget-container\">\n\t\t\t\t\t\t\t<div class=\"elementor-toggle\">\n\t\t\t\t\t\t\t<div class=\"elementor-toggle-item\">\n\t\t\t\t\t<div id=\"elementor-tab-title-2491\" class=\"elementor-tab-title\" data-tab=\"1\" role=\"button\" aria-controls=\"elementor-tab-content-2491\" aria-expanded=\"false\">\n\t\t\t\t\t\t\t\t\t\t\t\t<span class=\"elementor-toggle-icon elementor-toggle-icon-left\" aria-hidden=\"true\">\n\t\t\t\t\t\t\t\t\t\t\t\t\t\t\t<span class=\"elementor-toggle-icon-closed\"><i class=\"fas fa-caret-right\"><\/i><\/span>\n\t\t\t\t\t\t\t\t<span class=\"elementor-toggle-icon-opened\"><i class=\"elementor-toggle-icon-opened fas fa-caret-up\"><\/i><\/span>\n\t\t\t\t\t\t\t\t\t\t\t\t\t<\/span>\n\t\t\t\t\t\t\t\t\t\t\t\t<a class=\"elementor-toggle-title\" tabindex=\"0\">\u00bfQu\u00e9 diferencia tecnol\u00f3gica y sensorial existe entre formular con esta harina de mijo pelado y una harina de mijo entero?<\/a>\n\t\t\t\t\t<\/div>\n\n\t\t\t\t\t<div id=\"elementor-tab-content-2491\" class=\"elementor-tab-content elementor-clearfix\" data-tab=\"1\" role=\"region\" aria-labelledby=\"elementor-tab-title-2491\"><p data-path-to-node=\"16\"><span data-path-to-node=\"27,0\">La gran diferencia radica en el descascarillado del grano. Al retirar la corteza externa, el contenido de fibra disminuye de los valores habituales del grano entero a <b data-path-to-node=\"27,0\" data-index-in-node=\"178\">6.4 g<\/b>, y las cenizas bajan dr\u00e1sticamente a <b data-path-to-node=\"27,0\" data-index-in-node=\"221\">1.01 g<\/b><\/span><span data-path-to-node=\"27,2\">. Sensorialmente, esto elimina por completo las notas amargas y astringentes de la c\u00e1scara, ofreciendo un sabor mucho m\u00e1s suave, dulce y una textura menos arenosa. Tecnol\u00f3gicamente, al tener menos fibra insoluble, la harina absorbe agua de forma menos agresiva, facilitando la integraci\u00f3n en masas batidas y galletas sin resecar excesivamente el producto final.<\/span><\/p><\/div>\n\t\t\t\t<\/div>\n\t\t\t\t\t\t\t<div class=\"elementor-toggle-item\">\n\t\t\t\t\t<div id=\"elementor-tab-title-2492\" class=\"elementor-tab-title\" data-tab=\"2\" role=\"button\" aria-controls=\"elementor-tab-content-2492\" aria-expanded=\"false\">\n\t\t\t\t\t\t\t\t\t\t\t\t<span class=\"elementor-toggle-icon elementor-toggle-icon-left\" aria-hidden=\"true\">\n\t\t\t\t\t\t\t\t\t\t\t\t\t\t\t<span class=\"elementor-toggle-icon-closed\"><i class=\"fas fa-caret-right\"><\/i><\/span>\n\t\t\t\t\t\t\t\t<span class=\"elementor-toggle-icon-opened\"><i class=\"elementor-toggle-icon-opened fas fa-caret-up\"><\/i><\/span>\n\t\t\t\t\t\t\t\t\t\t\t\t\t<\/span>\n\t\t\t\t\t\t\t\t\t\t\t\t<a class=\"elementor-toggle-title\" tabindex=\"0\">\u00bfPor qu\u00e9 se especifica que el mijo proviene de or\u00edgenes como USA, Ucrania, Polonia o China si el molturado se realiza en Espa\u00f1a?<\/a>\n\t\t\t\t\t<\/div>\n\n\t\t\t\t\t<div id=\"elementor-tab-content-2492\" class=\"elementor-tab-content elementor-clearfix\" data-tab=\"2\" role=\"region\" aria-labelledby=\"elementor-tab-title-2492\"><p data-path-to-node=\"4\"><span data-path-to-node=\"29,0\">El mijo ecol\u00f3gico es un cultivo de especialidad cuya disponibilidad y calidad anal\u00edtica fluct\u00faan seg\u00fan las cosechas globales. Harinas Polo selecciona las mejores materias primas de or\u00edgenes certificados (USA, Ucrania, Polonia, China) para garantizar un suministro continuo y homog\u00e9neo de grano pelado<\/span><span data-path-to-node=\"29,2\">. Posteriormente, todo el proceso de molturaci\u00f3n cr\u00edtica se realiza en Espa\u00f1a en sus aut\u00e9nticos molinos de piedra, lo que asegura un control estricto de la granulometr\u00eda (<span class=\"math-inline\" data-math=\"&lt;15.0\\%\" data-index-in-node=\"171\">&lt;15.0%<\/span>\u00a0mayor de 400 micras) y de los est\u00e1ndares de seguridad europeos<\/span><span data-path-to-node=\"29,4\">.<\/span><\/p><\/div>\n\t\t\t\t<\/div>\n\t\t\t\t\t\t\t<div class=\"elementor-toggle-item\">\n\t\t\t\t\t<div id=\"elementor-tab-title-2493\" class=\"elementor-tab-title\" data-tab=\"3\" role=\"button\" aria-controls=\"elementor-tab-content-2493\" aria-expanded=\"false\">\n\t\t\t\t\t\t\t\t\t\t\t\t<span class=\"elementor-toggle-icon elementor-toggle-icon-left\" aria-hidden=\"true\">\n\t\t\t\t\t\t\t\t\t\t\t\t\t\t\t<span class=\"elementor-toggle-icon-closed\"><i class=\"fas fa-caret-right\"><\/i><\/span>\n\t\t\t\t\t\t\t\t<span class=\"elementor-toggle-icon-opened\"><i class=\"elementor-toggle-icon-opened fas fa-caret-up\"><\/i><\/span>\n\t\t\t\t\t\t\t\t\t\t\t\t\t<\/span>\n\t\t\t\t\t\t\t\t\t\t\t\t<a class=\"elementor-toggle-title\" tabindex=\"0\">\u00bfC\u00f3mo influye el nivel de humedad del 8.90% en la conservaci\u00f3n de los \u00e1cidos grasos Omega-6 (2.02 g) que contiene esta harina?<\/a>\n\t\t\t\t\t<\/div>\n\n\t\t\t\t\t<div id=\"elementor-tab-content-2493\" class=\"elementor-tab-content elementor-clearfix\" data-tab=\"3\" role=\"region\" aria-labelledby=\"elementor-tab-title-2493\"><p data-path-to-node=\"7\"><span data-path-to-node=\"31,0\">Las harinas de granos antiguos molidas en piedra que conservan el germen son susceptibles al enranciamiento oxidativo debido a sus \u00e1cidos grasos insaturados, como el <b data-path-to-node=\"31,0\" data-index-in-node=\"177\">Omega-6 (2.02 g)<\/b><\/span><span data-path-to-node=\"31,2\">. Para mitigar esto, el producto se estandariza con una humedad notablemente baja de <b data-path-to-node=\"31,2\" data-index-in-node=\"85\">8.90%<\/b> (muy por debajo del l\u00edmite cr\u00edtico de &lt; 12.0%)<\/span><span data-path-to-node=\"31,4\">. Esta baja cantidad de agua libre disminuye la actividad enzim\u00e1tica de las lipasas nativas, impidiendo la hidr\u00f3lisis de las grasas y garantizando que los \u00e1cidos grasos esenciales se mantengan estables y libres de sabores rancios durante los 3 meses de vida \u00fatil recomendados<\/span><span data-path-to-node=\"31,6\">.<\/span><\/p><\/div>\n\t\t\t\t<\/div>\n\t\t\t\t\t\t\t\t<\/div>\n\t\t\t\t\t\t<\/div>\n\t\t\t\t<\/div>\n\t\t\t\t\t<\/div>\n\t\t<\/div>\n\t\t\t\t\t<\/div>\n\t\t<\/section>\n\t\t\t\t<section class=\"elementor-section elementor-top-section elementor-element elementor-element-2cfc786 elementor-section-boxed elementor-section-height-default elementor-section-height-default\" data-id=\"2cfc786\" data-element_type=\"section\" data-e-type=\"section\">\n\t\t\t\t\t\t\t<div class=\"elementor-background-overlay\"><\/div>\n\t\t\t\t\t\t\t<div class=\"elementor-container elementor-column-gap-default\">\n\t\t\t\t\t<div class=\"elementor-column elementor-col-100 elementor-top-column elementor-element elementor-element-2be1047\" data-id=\"2be1047\" data-element_type=\"column\" data-e-type=\"column\">\n\t\t\t<div class=\"elementor-widget-wrap elementor-element-populated\">\n\t\t\t\t\t\t<div class=\"elementor-element elementor-element-61c66d3 elementor-widget elementor-widget-image\" data-id=\"61c66d3\" data-element_type=\"widget\" data-e-type=\"widget\" data-widget_type=\"image.default\">\n\t\t\t\t<div class=\"elementor-widget-container\">\n\t\t\t\t\t\t\t\t\t\t\t\t\t\t\t<img loading=\"lazy\" decoding=\"async\" width=\"300\" height=\"139\" src=\"https:\/\/flamboyant-borg.188-165-133-218.plesk.page\/wp-content\/uploads\/2026\/03\/Logo-con-bolo-2026-300x139.png\" class=\"attachment-medium size-medium wp-image-23939\" alt=\"\" srcset=\"https:\/\/flamboyant-borg.188-165-133-218.plesk.page\/wp-content\/uploads\/2026\/03\/Logo-con-bolo-2026-300x139.png 300w, https:\/\/flamboyant-borg.188-165-133-218.plesk.page\/wp-content\/uploads\/2026\/03\/Logo-con-bolo-2026-1024x476.png 1024w, https:\/\/flamboyant-borg.188-165-133-218.plesk.page\/wp-content\/uploads\/2026\/03\/Logo-con-bolo-2026-768x357.png 768w, https:\/\/flamboyant-borg.188-165-133-218.plesk.page\/wp-content\/uploads\/2026\/03\/Logo-con-bolo-2026-600x279.png 600w\" sizes=\"(max-width: 300px) 100vw, 300px\" \/>\t\t\t\t\t\t\t\t\t\t\t\t\t\t\t<\/div>\n\t\t\t\t<\/div>\n\t\t\t\t<div class=\"elementor-element elementor-element-2530001 elementor-widget elementor-widget-spacer\" data-id=\"2530001\" data-element_type=\"widget\" data-e-type=\"widget\" data-widget_type=\"spacer.default\">\n\t\t\t\t<div class=\"elementor-widget-container\">\n\t\t\t\t\t\t\t<div class=\"elementor-spacer\">\n\t\t\t<div class=\"elementor-spacer-inner\"><\/div>\n\t\t<\/div>\n\t\t\t\t\t\t<\/div>\n\t\t\t\t<\/div>\n\t\t\t\t<section class=\"elementor-section elementor-inner-section elementor-element elementor-element-8e3ad7d elementor-section-boxed elementor-section-height-default elementor-section-height-default\" data-id=\"8e3ad7d\" data-element_type=\"section\" data-e-type=\"section\">\n\t\t\t\t\t\t<div class=\"elementor-container elementor-column-gap-default\">\n\t\t\t\t\t<div class=\"elementor-column elementor-col-50 elementor-inner-column elementor-element elementor-element-19ffd15\" data-id=\"19ffd15\" data-element_type=\"column\" data-e-type=\"column\">\n\t\t\t<div class=\"elementor-widget-wrap elementor-element-populated\">\n\t\t\t\t\t\t<div class=\"elementor-element elementor-element-fac6991 elementor-widget elementor-widget-text-editor\" data-id=\"fac6991\" data-element_type=\"widget\" data-e-type=\"widget\" data-widget_type=\"text-editor.default\">\n\t\t\t\t<div class=\"elementor-widget-container\">\n\t\t\t\t\t\t\t\t\t<p><span style=\"color: #000000;\"><a style=\"color: #000000;\" href=\"https:\/\/maps.app.goo.gl\/aZdE2Rr1nezVFmKv7\" target=\"_blank\" rel=\"noopener\">Cno. de la Harinera S\/N; 50830 Villanueva de G\u00e1llego, Zaragoza, Espa\u00f1a.<\/a><\/span><\/p>\t\t\t\t\t\t\t\t<\/div>\n\t\t\t\t<\/div>\n\t\t\t\t<div class=\"elementor-element elementor-element-1a78857 elementor-widget elementor-widget-text-editor\" data-id=\"1a78857\" data-element_type=\"widget\" data-e-type=\"widget\" data-widget_type=\"text-editor.default\">\n\t\t\t\t<div class=\"elementor-widget-container\">\n\t\t\t\t\t\t\t\t\t<p><span style=\"color: #000000;\"><a style=\"color: #000000;\" href=\"http:\/\/&lt;a href=&quot;tel:+34900111222&quot;&gt;900 111 222&lt;\/a&gt;\" data-wplink-url-error=\"true\">976 185 126<\/a><\/span><\/p>\t\t\t\t\t\t\t\t<\/div>\n\t\t\t\t<\/div>\n\t\t\t\t<div class=\"elementor-element elementor-element-900a949 elementor-widget elementor-widget-text-editor\" data-id=\"900a949\" data-element_type=\"widget\" data-e-type=\"widget\" data-widget_type=\"text-editor.default\">\n\t\t\t\t<div class=\"elementor-widget-container\">\n\t\t\t\t\t\t\t\t\t<p><a href=\"mailto:haripolo@harinaspolo.com\"><span style=\"color: #000000;\">haripolo@harinaspolo.com<\/span><\/a><\/p>\t\t\t\t\t\t\t\t<\/div>\n\t\t\t\t<\/div>\n\t\t\t\t\t<\/div>\n\t\t<\/div>\n\t\t\t\t<div class=\"elementor-column elementor-col-50 elementor-inner-column elementor-element elementor-element-6a169fd\" data-id=\"6a169fd\" data-element_type=\"column\" data-e-type=\"column\">\n\t\t\t<div class=\"elementor-widget-wrap elementor-element-populated\">\n\t\t\t\t\t\t<div class=\"elementor-element elementor-element-a99b846 elementor-widget elementor-widget-text-editor\" data-id=\"a99b846\" data-element_type=\"widget\" data-e-type=\"widget\" data-widget_type=\"text-editor.default\">\n\t\t\t\t<div class=\"elementor-widget-container\">\n\t\t\t\t\t\t\t\t\t<p style=\"text-align: center;\"><a href=\"https:\/\/flamboyant-borg.188-165-133-218.plesk.page\/aviso-legal\/\"><span style=\"color: #f4aa00;\">Aviso legal.<\/span><\/a><\/p>\t\t\t\t\t\t\t\t<\/div>\n\t\t\t\t<\/div>\n\t\t\t\t<div class=\"elementor-element elementor-element-1772c56 elementor-widget elementor-widget-text-editor\" data-id=\"1772c56\" data-element_type=\"widget\" data-e-type=\"widget\" data-widget_type=\"text-editor.default\">\n\t\t\t\t<div class=\"elementor-widget-container\">\n\t\t\t\t\t\t\t\t\t<p style=\"text-align: center;\"><a href=\"https:\/\/flamboyant-borg.188-165-133-218.plesk.page\/privacidad\/\"><span style=\"color: #f4aa00;\">Privacidad.<\/span><\/a><\/p>\t\t\t\t\t\t\t\t<\/div>\n\t\t\t\t<\/div>\n\t\t\t\t<div class=\"elementor-element elementor-element-842f7db elementor-widget elementor-widget-text-editor\" data-id=\"842f7db\" data-element_type=\"widget\" data-e-type=\"widget\" data-widget_type=\"text-editor.default\">\n\t\t\t\t<div class=\"elementor-widget-container\">\n\t\t\t\t\t\t\t\t\t<p style=\"text-align: center;\"><span style=\"color: #f4aa00;\"><a style=\"color: #f4aa00;\" href=\"https:\/\/flamboyant-borg.188-165-133-218.plesk.page\/politica-de-coockies\/\">Pol\u00edtica de coockies.<\/a><\/span><\/p>\t\t\t\t\t\t\t\t<\/div>\n\t\t\t\t<\/div>\n\t\t\t\t\t<\/div>\n\t\t<\/div>\n\t\t\t\t\t<\/div>\n\t\t<\/section>\n\t\t\t\t\t<\/div>\n\t\t<\/div>\n\t\t\t\t\t<\/div>\n\t\t<\/section>\n\t\t\t\t<\/div>\n\t\t","protected":false},"excerpt":{"rendered":"<p>Formato: Saco 25 Kg Harina de Mijo Pelado Ecol\u00f3gico (MP) de Harinas Polo: Equilibrio perfecto entre nutrici\u00f3n r\u00fastica integral y un rendimiento industrial. En el competitivo sector de la formulaci\u00f3n de alimentos, el desarrollo de perfiles sensoriales complejos y la simplificaci\u00f3n&#8230;<\/p>\n","protected":false},"author":3,"featured_media":0,"parent":24395,"menu_order":0,"comment_status":"closed","ping_status":"closed","template":"","meta":{"_joinchat":[],"footnotes":""},"class_list":["post-24377","page","type-page","status-publish","hentry"],"_links":{"self":[{"href":"https:\/\/flamboyant-borg.188-165-133-218.plesk.page\/index.php?rest_route=\/wp\/v2\/pages\/24377","targetHints":{"allow":["GET"]}}],"collection":[{"href":"https:\/\/flamboyant-borg.188-165-133-218.plesk.page\/index.php?rest_route=\/wp\/v2\/pages"}],"about":[{"href":"https:\/\/flamboyant-borg.188-165-133-218.plesk.page\/index.php?rest_route=\/wp\/v2\/types\/page"}],"author":[{"embeddable":true,"href":"https:\/\/flamboyant-borg.188-165-133-218.plesk.page\/index.php?rest_route=\/wp\/v2\/users\/3"}],"replies":[{"embeddable":true,"href":"https:\/\/flamboyant-borg.188-165-133-218.plesk.page\/index.php?rest_route=%2Fwp%2Fv2%2Fcomments&post=24377"}],"version-history":[{"count":23,"href":"https:\/\/flamboyant-borg.188-165-133-218.plesk.page\/index.php?rest_route=\/wp\/v2\/pages\/24377\/revisions"}],"predecessor-version":[{"id":32231,"href":"https:\/\/flamboyant-borg.188-165-133-218.plesk.page\/index.php?rest_route=\/wp\/v2\/pages\/24377\/revisions\/32231"}],"up":[{"embeddable":true,"href":"https:\/\/flamboyant-borg.188-165-133-218.plesk.page\/index.php?rest_route=\/wp\/v2\/pages\/24395"}],"wp:attachment":[{"href":"https:\/\/flamboyant-borg.188-165-133-218.plesk.page\/index.php?rest_route=%2Fwp%2Fv2%2Fmedia&parent=24377"}],"curies":[{"name":"wp","href":"https:\/\/api.w.org\/{rel}","templated":true}]}}